{"id":195,"date":"2025-06-04T10:32:58","date_gmt":"2025-06-04T08:32:58","guid":{"rendered":"https:\/\/www.francemediasmonde.com\/en\/?page_id=195"},"modified":"2025-10-13T12:26:03","modified_gmt":"2025-10-13T10:26:03","slug":"awards-and-recognition","status":"publish","type":"page","link":"https:\/\/www.francemediasmonde.com\/en\/the-group\/awards-and-recognition\/","title":{"rendered":"Awards and recognition"},"content":{"rendered":"   \n        <section class=\"block-hero-text bg-trame\">\n    <div class=\"container\">\n      <div class=\"col-md-9 offset-md-1\">\n        \n        \n        \t<h1 class=\"field-titre title m-0 Titre-Sans-XXL text-grey000\">\n\t\tAwards and recognition\n\t<\/h1>\n\n          <div class=\"text baseline m-0 Text-Sans-M text-grey000\">The professionalism and expertise of France M\u00e9dias Monde\u2019s journalists are rewarded every year with a number of prizes and awards<\/div>\n\n      <\/div>\n    <\/div>\n  <\/section>\n\n\n\n\n<section class=\"block-title-video\">\n  <div class=\"container\">\n    <div class=\"row\">\n      <div class=\"col-md-10 mx-auto\">\n\n                  <hr class=\"bg-blue\">\n                \n\n          <div class=\"text text-center suptitle text-primary\">DURING THE YEAR<\/div>\n\n          <div class=\"text text-center Titre-Sans-XXL text-primary\">2025<\/div>\n\n        \n              \n      <\/div>\n    <\/div>\n  <\/div>\n<\/section>\n\n\n\n\n\t<section class=\"block-cards\">\n\t\t<div class=\"container\">\n\t\t\t<ul class=\"row justify-content-center list-unstyled\">\n\t\t\t\t\t\t\t\t\t\t\t\t\t\t\t<li class=\"col-md-4 pb-3  mb-3 pb-md-0 mb-md-4\">\n\t\t\t\t\t\t\t<div class=\"card-wrapper gray-spacer-horizontal\">\n\t\t\t\t\t\t\t\t\n\t\t\t\t\t\t\t\t\t<div class=\"card-content text-primary\">\n\t\t\t\t\t\t\t\t\t\t\t\t\t\t\t\t\t\t\t\t\t\t\t\t\t\t\t\t\t\t\t\t\t\t\t\t\t\t\t\t\t\t\t\t\t\t\t\t\t\t\n        \n  <div class=\"field-image\">\n    <figure class=\"field-image--figure h-100 m-0 \">\n      <img loading=\"lazy\" decoding=\"async\" loading=\"\" src=\"https:\/\/www.francemediasmonde.com\/en\/wp-content\/uploads\/sites\/2\/2025\/10\/France-Medias-Monde-headquarters.jpg\"\n        class=\"img-fluid field-image--img\"\n         alt=\"\"         title=\"France M\u00e9dias Monde headquarters\"         width=\"576\"         height=\"288\"         srcset=\"https:\/\/www.francemediasmonde.com\/en\/wp-content\/uploads\/sites\/2\/2025\/10\/France-Medias-Monde-headquarters-500x250.jpg 500w, https:\/\/www.francemediasmonde.com\/en\/wp-content\/uploads\/sites\/2\/2025\/10\/France-Medias-Monde-headquarters-202x101.jpg 202w, https:\/\/www.francemediasmonde.com\/en\/wp-content\/uploads\/sites\/2\/2025\/10\/France-Medias-Monde-headquarters.jpg 576w\"         sizes=\"auto, (max-width: 576px) 100vw, 576px\"      \/>\n          <figcaption class=\"field-image--figcaption visually-hidden\">France M\u00e9dias Monde headquarters<\/figcaption>\n        <\/figure>\n  <\/div>\n\t\t\t\t\t\t\t\t\t\t\n\t\t\t\t\t\t\t\t\t\t\n\n\t\t\t\t\t\t\t\t\t\t  <div class=\"text m-0 P-normal\"><p><strong>FMM wins two awards at the 32nd Bayeux Calvados-Normandy Award for war corespondents 2025<\/strong><br \/>\n\u2022 1st PRIZE FOR TELEVISION: Julie Dungelhoeff, James Andr\u00e9 and Sofia Amara for the report \u2018<a href=\"https:\/\/www.france24.com\/en\/middle-east\/20251011-france-24-wins-bayeux-war-correspondents-award-for-report-on-assad-s-brutal-syrian-prisons\" target=\"_blank\" rel=\"noopener\"><em>Inside Assad\u2019s terror machine<\/em><\/a>\u2019 \u2013 France 24<br \/>\n\u2022 2nd PRIZE FOR RADIO: Manon Chapelain for the report \u2018<a href=\"https:\/\/www.rfi.fr\/fr\/culture\/20251011-prix-bayeux-2025-manon-chapelain-rfi-remporte-le-deuxi%C3%A8me-prix-radio\" target=\"_blank\" rel=\"noopener\"><em>Tichrine Dam: Syria&#8217;s last frontline<\/em><\/a>\u2019 \u2013 RFI<\/p>\n<\/div>\n\n\t\t\t\t\t\t\t\t\t\t\n\t\t\t\t\t\t\t\t\t<\/div>\n\n\t\t\t\t\t\t\t\t\t\t\t\t\t\t\t<\/div>\n\t\t\t\t\t\t<\/li>\n\t\t\t\t\t\t\t\t\t\t\t<li class=\"col-md-4 pb-3  mb-3 pb-md-0 mb-md-4\">\n\t\t\t\t\t\t\t<div class=\"card-wrapper gray-spacer-horizontal\">\n\t\t\t\t\t\t\t\t\n\t\t\t\t\t\t\t\t\t<div class=\"card-content text-primary\">\n\t\t\t\t\t\t\t\t\t\t\t\t\t\t\t\t\t\t\t\t\t\t\t\t\t\t\t\t\t\t\t\t\t\t\t\t\t\t\t\t\t\t\t\t\t\n        \n  <div class=\"field-image\">\n    <figure class=\"field-image--figure h-100 m-0 \">\n      <img loading=\"lazy\" decoding=\"async\" loading=\"\" src=\"https:\/\/www.francemediasmonde.com\/en\/wp-content\/uploads\/sites\/2\/2025\/10\/France-24-awarded-at-the-DIG-Awards-2025-for-Haiti-the-Iron-Grip-of-the-Gangs.png\"\n        class=\"img-fluid field-image--img\"\n         alt=\"\"         title=\"France 24 awarded at the DIG Awards 2025 for Haiti the Iron Grip of the Gangs\"         width=\"711\"         height=\"396\"         srcset=\"https:\/\/www.francemediasmonde.com\/en\/wp-content\/uploads\/sites\/2\/2025\/10\/France-24-awarded-at-the-DIG-Awards-2025-for-Haiti-the-Iron-Grip-of-the-Gangs-500x250.png 500w, https:\/\/www.francemediasmonde.com\/en\/wp-content\/uploads\/sites\/2\/2025\/10\/France-24-awarded-at-the-DIG-Awards-2025-for-Haiti-the-Iron-Grip-of-the-Gangs-576x288.png 576w, https:\/\/www.francemediasmonde.com\/en\/wp-content\/uploads\/sites\/2\/2025\/10\/France-24-awarded-at-the-DIG-Awards-2025-for-Haiti-the-Iron-Grip-of-the-Gangs-202x101.png 202w\"         sizes=\"auto, (max-width: 711px) 100vw, 711px\"      \/>\n        <\/figure>\n  <\/div>\n\t\t\t\t\t\t\t\t\t\t\n\t\t\t\t\t\t\t\t\t\t\n\n\t\t\t\t\t\t\t\t\t\t  <div class=\"text m-0 P-normal\"><p><strong>France 24 wins award at the 2025 DIG Awards<\/strong><br \/>\n\u201c<em><a href=\"https:\/\/www.france24.com\/fr\/%C3%A9missions\/reporters\/20240719-reportage-exclusif-en-ha%C3%AFti-%C3%A0-port-au-prince-capitale-assi%C3%A9g%C3%A9e-par-les-gangs\">Ha\u00efti : la loi des gangs<\/a><\/em>\u201d (<em><a href=\"https:\/\/www.france24.com\/en\/tv-shows\/reporters\/20240719-france-24-exclusive-report-in-haiti-the-iron-grip-of-the-gangs\">Haiti: the Iron Grip of the Gangs<\/a><\/em>) wins the grand prize at the DIG Awards in Modena in the long-form reporting category.<\/p>\n<\/div>\n\n\t\t\t\t\t\t\t\t\t\t\n\t\t\t\t\t\t\t\t\t<\/div>\n\n\t\t\t\t\t\t\t\t\t\t\t\t\t\t\t<\/div>\n\t\t\t\t\t\t<\/li>\n\t\t\t\t\t\t\t\t\t\t\t<li class=\"col-md-4 pb-3  mb-3 pb-md-0 mb-md-4\">\n\t\t\t\t\t\t\t<div class=\"card-wrapper gray-spacer-horizontal\">\n\t\t\t\t\t\t\t\t\n\t\t\t\t\t\t\t\t\t<div class=\"card-content text-primary\">\n\t\t\t\t\t\t\t\t\t\t\t\t\t\t\t\t\t\t\t\t\t\t\t\t\t\t\t\t\t\t\t\t\t\t\t\t\t\t\t\t\t\t\t\t\t\t\t\t\t\t\n        \n  <div class=\"field-image\">\n    <figure class=\"field-image--figure h-100 m-0 \">\n      <img loading=\"lazy\" decoding=\"async\" loading=\"\" src=\"https:\/\/www.francemediasmonde.com\/en\/wp-content\/uploads\/sites\/2\/2025\/10\/Haiti-the-Iron-Grip-of-the-Gangs-by-Romeo-Langlois-and-Catherine-Norris-Trent-e1760351204225.jpg\"\n        class=\"img-fluid field-image--img\"\n         alt=\"\"         title=\"Haiti the Iron Grip of the Gangs by Rom\u00e9o Langlois and Catherine Norris Trent\"         width=\"466\"         height=\"294\"                 sizes=\"auto, (max-width: 466px) 100vw, 466px\"      \/>\n          <figcaption class=\"field-image--figcaption visually-hidden\">Haiti the Iron Grip of the Gangs by Rom\u00e9o Langlois and Catherine Norris Trent<\/figcaption>\n        <\/figure>\n  <\/div>\n\t\t\t\t\t\t\t\t\t\t\n\t\t\t\t\t\t\t\t\t\t\n\n\t\t\t\t\t\t\t\t\t\t  <div class=\"text m-0 P-normal\"><p><strong>France 24 awarded at the Hinzpeter Prize 2025<\/strong><br \/>\nCatherine Norris-Trent and Rom\u00e9o Langlois won the Hinzpeter Prize in the Reporting and Documentaries category for \u201c<em><a href=\"https:\/\/www.france24.com\/fr\/%C3%A9missions\/reporters\/20240719-reportage-exclusif-en-ha%C3%AFti-%C3%A0-port-au-prince-capitale-assi%C3%A9g%C3%A9e-par-les-gangs\">Ha\u00efti : la loi des gangs<\/a><\/em>\u201d (<em><a href=\"https:\/\/www.france24.com\/en\/tv-shows\/reporters\/20240719-france-24-exclusive-report-in-haiti-the-iron-grip-of-the-gangs\">Haiti: the Iron Grip of the Gangs<\/a><\/em>)<\/p>\n<\/div>\n\n\t\t\t\t\t\t\t\t\t\t\t<a class=\"link-text-icon text-third d-block mt-3\"\n\t\thref=\"https:\/\/www.pressefmm.com\/le-reportage-de-france-24-haiti-la-loi-des-gangs-laureat-du-prix-hinzpeter-2025\/\"\n\t\ttarget=\"\"\t\t\ttitle=\"Find out more\"\n\t>\n\n          <span>\n    \n\t\t\t\t\tFind out more\n\t\t\n          <\/span>\n    \n\n\n\t\t\t\t\t\t\t<svg class=\"icon icon--xsmall\" role=\"img\" focusable=\"false\" aria-labelledby=\"arrow-title--1917298407\">\n\t\t\t\t<title id=\"arrow-title--1917298407\">Arrow of link<\/title>\n\t\t\t\t<use class=\"use-icon\" xlink:href=\"https:\/\/www.francemediasmonde.com\/en\/wp-content\/themes\/fmm\/images\/pictos\/pictos_symbols.svg#arrowRight\"><\/use>\n\t\t\t<\/svg>\n\t\t\t<\/a>\n\n\t\t\t\t\t\t\t\t\t<\/div>\n\n\t\t\t\t\t\t\t\t\t\t\t\t\t\t\t<\/div>\n\t\t\t\t\t\t<\/li>\n\t\t\t\t\t\t\t\t\t\t\t<li class=\"col-md-4 pb-3  mb-3 pb-md-0 mb-md-4\">\n\t\t\t\t\t\t\t<div class=\"card-wrapper gray-spacer-horizontal\">\n\t\t\t\t\t\t\t\t\n\t\t\t\t\t\t\t\t\t<div class=\"card-content text-primary\">\n\t\t\t\t\t\t\t\t\t\t\t\t\t\t\t\t\t\t\t\t\t\t\t\t\t\t\t\t\t\t\t\t\t\t\t\t\t\t\t\t\t\t\t\t\t\n        \n  <div class=\"field-image\">\n    <figure class=\"field-image--figure h-100 m-0 \">\n      <img loading=\"lazy\" decoding=\"async\" loading=\"\" src=\"https:\/\/www.francemediasmonde.com\/en\/wp-content\/uploads\/sites\/2\/2025\/06\/The-Baku-Connection.jpg\"\n        class=\"img-fluid field-image--img\"\n         alt=\"\"         title=\"The Baku Connection\"         width=\"1500\"         height=\"844\"         srcset=\"https:\/\/www.francemediasmonde.com\/en\/wp-content\/uploads\/sites\/2\/2025\/06\/The-Baku-Connection-500x250.jpg 500w, https:\/\/www.francemediasmonde.com\/en\/wp-content\/uploads\/sites\/2\/2025\/06\/The-Baku-Connection-1440x720.jpg 1440w, https:\/\/www.francemediasmonde.com\/en\/wp-content\/uploads\/sites\/2\/2025\/06\/The-Baku-Connection-576x288.jpg 576w, https:\/\/www.francemediasmonde.com\/en\/wp-content\/uploads\/sites\/2\/2025\/06\/The-Baku-Connection-202x101.jpg 202w\"         sizes=\"auto, (max-width: 1500px) 100vw, 1500px\"      \/>\n        <\/figure>\n  <\/div>\n\t\t\t\t\t\t\t\t\t\t\n\t\t\t\t\t\t\t\t\t\t\n\n\t\t\t\t\t\t\t\t\t\t  <div class=\"text m-0 P-normal\"><p><b><span lang=\"EN-US\" data-olk-copy-source=\"MessageBody\">\u2018The\u00a0<span class=\"markvy6hykfm4\" data-markjs=\"true\" data-ogac=\"\" data-ogab=\"\" data-ogsc=\"\" data-ogsb=\"\">Baku<\/span> Connection\u2019 wins Special Prize at the European Press Prize\u00a0<strong><br \/>\n<\/strong><\/span><\/b><span lang=\"EN-US\" data-olk-copy-source=\"MessageBody\">The collective investigation \u2018The Baku Connection\u2019, led by <em>Forbidden Stories<\/em> with contributions from France 24 and RFI, was awarded the Special Prize at the European Press Prize<\/span><\/p>\n<\/div>\n\n\t\t\t\t\t\t\t\t\t\t\t<a class=\"link-text-icon text-third d-block mt-3\"\n\t\thref=\"https:\/\/www.pressefmm.com\/azerbaijan-the-baku-connection-dont-think-that-they-can-stop-these-investigations-by-arresting-us-one-by-one\/\"\n\t\ttarget=\"_blank\"\t\t\ttitle=\"Find out more\"\n\t>\n\n          <span>\n    \n\t\t\t\t\tFind out more\n\t\t\n          <\/span>\n    \n\n\n\t\t\t\t\t\t\t<svg class=\"icon icon--xsmall\" role=\"img\" focusable=\"false\" aria-labelledby=\"arrow-title--1726124602\">\n\t\t\t\t<title id=\"arrow-title--1726124602\">Arrow of link<\/title>\n\t\t\t\t<use class=\"use-icon\" xlink:href=\"https:\/\/www.francemediasmonde.com\/en\/wp-content\/themes\/fmm\/images\/pictos\/pictos_symbols.svg#arrowRight\"><\/use>\n\t\t\t<\/svg>\n\t\t\t<\/a>\n\n\t\t\t\t\t\t\t\t\t<\/div>\n\n\t\t\t\t\t\t\t\t\t\t\t\t\t\t\t<\/div>\n\t\t\t\t\t\t<\/li>\n\t\t\t\t\t\t\t\t\t\t\t<li class=\"col-md-4 pb-3  mb-3 pb-md-0 mb-md-4\">\n\t\t\t\t\t\t\t<div class=\"card-wrapper gray-spacer-horizontal\">\n\t\t\t\t\t\t\t\t\n\t\t\t\t\t\t\t\t\t<div class=\"card-content text-primary\">\n\t\t\t\t\t\t\t\t\t\t\t\t\t\t\t\t\t\t\t\t\t\t\t\t\t\t\t\t\t\t\t\t\t\t\t\t\t\t\t\t\t\t\t\t\t\n        \n  <div class=\"field-image\">\n    <figure class=\"field-image--figure h-100 m-0 \">\n      <img loading=\"lazy\" decoding=\"async\" loading=\"\" src=\"https:\/\/www.francemediasmonde.com\/en\/wp-content\/uploads\/sites\/2\/2025\/06\/Haiti_16-9_avec-crop-possible-3-4.jpg\"\n        class=\"img-fluid field-image--img\"\n         alt=\"\"         title=\"France 24 won two awards at the World Media Festivals\"         width=\"765\"         height=\"574\"         srcset=\"https:\/\/www.francemediasmonde.com\/en\/wp-content\/uploads\/sites\/2\/2025\/06\/Haiti_16-9_avec-crop-possible-3-4-500x250.jpg 500w, https:\/\/www.francemediasmonde.com\/en\/wp-content\/uploads\/sites\/2\/2025\/06\/Haiti_16-9_avec-crop-possible-3-4-576x288.jpg 576w, https:\/\/www.francemediasmonde.com\/en\/wp-content\/uploads\/sites\/2\/2025\/06\/Haiti_16-9_avec-crop-possible-3-4-202x101.jpg 202w\"         sizes=\"auto, (max-width: 765px) 100vw, 765px\"      \/>\n        <\/figure>\n  <\/div>\n\t\t\t\t\t\t\t\t\t\t\n\t\t\t\t\t\t\t\t\t\t\n\n\t\t\t\t\t\t\t\t\t\t  <div class=\"text m-0 P-normal\"><p><strong>France 24 wins two awards at the World Media Festivals<\/strong><strong><br \/>\n<\/strong>The documentary film \u201c<em><a href=\"https:\/\/www.france24.com\/fr\/%C3%A9missions\/reporters\/20240719-reportage-exclusif-en-ha%C3%AFti-%C3%A0-port-au-prince-capitale-assi%C3%A9g%C3%A9e-par-les-gangs\">Ha\u00efti : la loi des gangs<\/a><\/em>\u201d (<em><a href=\"https:\/\/www.france24.com\/en\/tv-shows\/reporters\/20240719-france-24-exclusive-report-in-haiti-the-iron-grip-of-the-gangs\">Haiti: the Iron Grip of the Gangs<\/a><\/em>), directed by Catherine Norris Trent and Rom\u00e9o Langlois, was awarded Best Documentary (Human Rights) and the Audience Choice Special Award.<\/p>\n<\/div>\n\n\t\t\t\t\t\t\t\t\t\t\t<a class=\"link-text-icon text-third d-block mt-3\"\n\t\thref=\"https:\/\/www.france24.com\/en\/tv-shows\/reporters\/20240719-france-24-exclusive-report-in-haiti-the-iron-grip-of-the-gangs\"\n\t\ttarget=\"_blank\"\t\t\ttitle=\"Find out more\"\n\t>\n\n          <span>\n    \n\t\t\t\t\tFind out more\n\t\t\n          <\/span>\n    \n\n\n\t\t\t\t\t\t\t<svg class=\"icon icon--xsmall\" role=\"img\" focusable=\"false\" aria-labelledby=\"arrow-title--1856307121\">\n\t\t\t\t<title id=\"arrow-title--1856307121\">Arrow of link<\/title>\n\t\t\t\t<use class=\"use-icon\" xlink:href=\"https:\/\/www.francemediasmonde.com\/en\/wp-content\/themes\/fmm\/images\/pictos\/pictos_symbols.svg#arrowRight\"><\/use>\n\t\t\t<\/svg>\n\t\t\t<\/a>\n\n\t\t\t\t\t\t\t\t\t<\/div>\n\n\t\t\t\t\t\t\t\t\t\t\t\t\t\t\t<\/div>\n\t\t\t\t\t\t<\/li>\n\t\t\t\t\t\t\t\t\t\t\t<li class=\"col-md-4 pb-3  mb-3 pb-md-0 mb-md-4\">\n\t\t\t\t\t\t\t<div class=\"card-wrapper gray-spacer-horizontal\">\n\t\t\t\t\t\t\t\t\n\t\t\t\t\t\t\t\t\t<div class=\"card-content text-primary\">\n\t\t\t\t\t\t\t\t\t\t\t\t\t\t\t\t\t\t\t\t\t\t\t\t\t\t\t\t\t\t\t\t\t\t\t\t\t\t\t\t\t\t\t\t\t\n        \n  <div class=\"field-image\">\n    <figure class=\"field-image--figure h-100 m-0 \">\n      <img loading=\"lazy\" decoding=\"async\" loading=\"\" src=\"https:\/\/www.francemediasmonde.com\/en\/wp-content\/uploads\/sites\/2\/2025\/05\/Haiti-la-loi-des-gangs-un-documentaire-de-Romeo-Langlois-et-de-Catherine-Norris-Trent-pour-France-24.jpg\"\n        class=\"img-fluid field-image--img\"\n         alt=\"\"         title=\"Haiti the Iron Grip of the Gangs, a France 24 documentary by Rom\u00e9o Langlois and Catherine Norris-Trent\"         width=\"720\"         height=\"405\"         srcset=\"https:\/\/www.francemediasmonde.com\/en\/wp-content\/uploads\/sites\/2\/2025\/05\/Haiti-la-loi-des-gangs-un-documentaire-de-Romeo-Langlois-et-de-Catherine-Norris-Trent-pour-France-24-500x250.jpg 500w, https:\/\/www.francemediasmonde.com\/en\/wp-content\/uploads\/sites\/2\/2025\/05\/Haiti-la-loi-des-gangs-un-documentaire-de-Romeo-Langlois-et-de-Catherine-Norris-Trent-pour-France-24-576x288.jpg 576w, https:\/\/www.francemediasmonde.com\/en\/wp-content\/uploads\/sites\/2\/2025\/05\/Haiti-la-loi-des-gangs-un-documentaire-de-Romeo-Langlois-et-de-Catherine-Norris-Trent-pour-France-24-202x101.jpg 202w\"         sizes=\"auto, (max-width: 720px) 100vw, 720px\"      \/>\n        <\/figure>\n  <\/div>\n\t\t\t\t\t\t\t\t\t\t\n\t\t\t\t\t\t\t\t\t\t\n\n\t\t\t\t\t\t\t\t\t\t  <div class=\"text m-0 P-normal\"><p><strong>France 24 rewarded at the\u00a0<em>Lauriers de l\u2019Audiovisuel<\/em>\u00a0awards ceremony<\/strong><br \/>\nBest special report \u2022 \u201c<em><a href=\"https:\/\/www.france24.com\/fr\/%C3%A9missions\/reporters\/20240719-reportage-exclusif-en-ha%C3%AFti-%C3%A0-port-au-prince-capitale-assi%C3%A9g%C3%A9e-par-les-gangs\">Ha\u00efti : la loi des gangs<\/a><\/em>\u201d (<a href=\"https:\/\/www.france24.com\/en\/tv-shows\/reporters\/20240719-france-24-exclusive-report-in-haiti-the-iron-grip-of-the-gangs\">Haiti: The Iron Grip of the Gangs<\/a>) by Catherine Norris-Trent and Rom\u00e9o Langlois<\/p>\n<\/div>\n\n\t\t\t\t\t\t\t\t\t\t\t<a class=\"link-text-icon text-third d-block mt-3\"\n\t\thref=\"https:\/\/www.francemediasmonde.com\/fr\/actualites\/france-24-primee-aux-lauriers-de-laudiovisuel-2025\/\"\n\t\ttarget=\"_blank\"\t\t\ttitle=\"Find out more\"\n\t>\n\n          <span>\n    \n\t\t\t\t\tFind out more\n\t\t\n          <\/span>\n    \n\n\n\t\t\t\t\t\t\t<svg class=\"icon icon--xsmall\" role=\"img\" focusable=\"false\" aria-labelledby=\"arrow-title--600263209\">\n\t\t\t\t<title id=\"arrow-title--600263209\">Arrow of link<\/title>\n\t\t\t\t<use class=\"use-icon\" xlink:href=\"https:\/\/www.francemediasmonde.com\/en\/wp-content\/themes\/fmm\/images\/pictos\/pictos_symbols.svg#arrowRight\"><\/use>\n\t\t\t<\/svg>\n\t\t\t<\/a>\n\n\t\t\t\t\t\t\t\t\t<\/div>\n\n\t\t\t\t\t\t\t\t\t\t\t\t\t\t\t<\/div>\n\t\t\t\t\t\t<\/li>\n\t\t\t\t\t\t\t\t\t\t\t\t<\/ul>\n\t\t<\/div>\n\t<\/section>\n\n\n<section class=\"block-title-video\">\n  <div class=\"container\">\n    <div class=\"row\">\n      <div class=\"col-md-10 mx-auto\">\n\n                  <hr class=\"bg-blue\">\n                \n\n          <div class=\"text text-center suptitle text-primary\">DURING THE YEAR<\/div>\n\n          <div class=\"text text-center Titre-Sans-XXL text-primary\">2024<\/div>\n\n        \n              \n      <\/div>\n    <\/div>\n  <\/div>\n<\/section>\n\n\n\n\n\t<section class=\"block-cards\">\n\t\t<div class=\"container\">\n\t\t\t<ul class=\"row justify-content-center list-unstyled\">\n\t\t\t\t\t\t\t\t\t\t\t\t\t\t\t<li class=\"col-md-4 pb-3  mb-3 pb-md-0 mb-md-4\">\n\t\t\t\t\t\t\t<div class=\"card-wrapper gray-spacer-horizontal\">\n\t\t\t\t\t\t\t\t\n\t\t\t\t\t\t\t\t\t<div class=\"card-content text-primary\">\n\t\t\t\t\t\t\t\t\t\t\n\t\t\t\t\t\t\t\t\t\t\t\t\t\t\t\t\t\t\t\t\t\t\t\t\t\t\t\t\t\t\t\t\t\t\t\t\t\t\t\t\t\t\t\t\t\t\t\t\t\t\t\t\t\t\t\t\t\n        \n  <div class=\"field-image logo-svg mb-4 mb-md-3 no-eco-img\">\n    <figure class=\"field-image--figure h-100 m-0 \">\n      <img decoding=\"async\" loading=\"\" src=\"https:\/\/www.francemediasmonde.com\/en\/wp-content\/themes\/fmm\/images\/logos-small\/logo-rfi.svg\"\n        class=\"img-fluid field-image--img\"\n         alt=\"\"                                              \/>\n        <\/figure>\n  <\/div>\n\t\t\t\t\t\t\t\t\t\t\t\t\t\t\t\t\t\t\t\t\t\t\t\t\t\t\t\t\t\t\t\t\t\t\t\t\n        \n  <div class=\"field-image logo-svg mb-4 mb-md-3 eco-img\">\n    <figure class=\"field-image--figure h-100 m-0 \">\n      <img decoding=\"async\" loading=\"\" src=\"https:\/\/www.francemediasmonde.com\/en\/wp-content\/themes\/fmm\/images\/logos-small\/logo-rfi-eco.svg\"\n        class=\"img-fluid field-image--img\"\n         alt=\"\"                                              \/>\n        <\/figure>\n  <\/div>\n\n\t\t\t\t\t\t\t\t\t\t\t\t\t\t\t\t\t\t\t\t\t\n\n\t\t\t\t\t\t\t\t\t\t  <div class=\"text m-0 P-normal\"><p><strong>Sami Boukhelifa awarded at the Bayeux Calvados-Normandy Award for War Correspondents 2024<\/strong><br \/>\n3<sup>rd<\/sup>\u00a0Price in the radio category \u2022 \u201c<em><a href=\"https:\/\/www.rfi.fr\/fr\/moyen-orient\/20240529-isra%C3%ABl-palestine-le-r%C3%A9cit-de-deux-enfants-fauch%C3%A9s-par-la-guerre\">Isra\u00ebl- Palestine : Le r\u00e9cit de deux enfants fauch\u00e9s par la guerre<\/a><\/em>\u201d<\/p>\n<p>&nbsp;<\/p>\n<\/div>\n\n\t\t\t\t\t\t\t\t\t\t\t<a class=\"link-text-icon text-third d-block mt-3\"\n\t\thref=\"https:\/\/www.rfi.fr\/fr\/moyen-orient\/20240529-isra%C3%ABl-palestine-le-r%C3%A9cit-de-deux-enfants-fauch%C3%A9s-par-la-guerre\"\n\t\ttarget=\"_blank\"\t\t\ttitle=\"Find out more\"\n\t>\n\n          <span>\n    \n\t\t\t\t\tFind out more\n\t\t\n          <\/span>\n    \n\n\n\t\t\t\t\t\t\t<svg class=\"icon icon--xsmall\" role=\"img\" focusable=\"false\" aria-labelledby=\"arrow-title--1787871275\">\n\t\t\t\t<title id=\"arrow-title--1787871275\">Arrow of link<\/title>\n\t\t\t\t<use class=\"use-icon\" xlink:href=\"https:\/\/www.francemediasmonde.com\/en\/wp-content\/themes\/fmm\/images\/pictos\/pictos_symbols.svg#arrowRight\"><\/use>\n\t\t\t<\/svg>\n\t\t\t<\/a>\n\n\t\t\t\t\t\t\t\t\t<\/div>\n\n\t\t\t\t\t\t\t\t\t\t\t\t\t\t\t<\/div>\n\t\t\t\t\t\t<\/li>\n\t\t\t\t\t\t\t\t\t\t\t<li class=\"col-md-4 pb-3  mb-3 pb-md-0 mb-md-4\">\n\t\t\t\t\t\t\t<div class=\"card-wrapper gray-spacer-horizontal\">\n\t\t\t\t\t\t\t\t\n\t\t\t\t\t\t\t\t\t<div class=\"card-content text-primary\">\n\t\t\t\t\t\t\t\t\t\t\t\t\t\t\t\t\t\t\t\t\t\t\t\t\t\t\t\t\t\t\t\t\t\t\t\t\t\t\t\t\t\t\t\t\t\n        \n  <div class=\"field-image\">\n    <figure class=\"field-image--figure h-100 m-0 \">\n      <img loading=\"lazy\" decoding=\"async\" loading=\"\" src=\"https:\/\/www.francemediasmonde.com\/en\/wp-content\/uploads\/sites\/2\/2025\/05\/ENTR-recoit-le-Prix-Franco-Allemand-du-Journalisme-Categorie-dans-la-categorie-Jeunes-Talents.jpeg\"\n        class=\"img-fluid field-image--img\"\n         alt=\"\"         title=\"ENTR rewarded at the Franco-German Journalism Prize\"         width=\"2512\"         height=\"1819\"         srcset=\"https:\/\/www.francemediasmonde.com\/en\/wp-content\/uploads\/sites\/2\/2025\/05\/ENTR-recoit-le-Prix-Franco-Allemand-du-Journalisme-Categorie-dans-la-categorie-Jeunes-Talents-500x250.jpeg 500w, https:\/\/www.francemediasmonde.com\/en\/wp-content\/uploads\/sites\/2\/2025\/05\/ENTR-recoit-le-Prix-Franco-Allemand-du-Journalisme-Categorie-dans-la-categorie-Jeunes-Talents-1440x720.jpeg 1440w, https:\/\/www.francemediasmonde.com\/en\/wp-content\/uploads\/sites\/2\/2025\/05\/ENTR-recoit-le-Prix-Franco-Allemand-du-Journalisme-Categorie-dans-la-categorie-Jeunes-Talents-576x288.jpeg 576w, https:\/\/www.francemediasmonde.com\/en\/wp-content\/uploads\/sites\/2\/2025\/05\/ENTR-recoit-le-Prix-Franco-Allemand-du-Journalisme-Categorie-dans-la-categorie-Jeunes-Talents-202x101.jpeg 202w\"         sizes=\"auto, (max-width: 2512px) 100vw, 2512px\"      \/>\n        <\/figure>\n  <\/div>\n\t\t\t\t\t\t\t\t\t\t\n\t\t\t\t\t\t\t\t\t\t\n\n\t\t\t\t\t\t\t\t\t\t  <div class=\"text m-0 P-normal\"><p><strong>ENTR rewarded at the Franco-German Journalism Prize<\/strong><br \/>\nYoung Talent Prize \u2022 \u201c<em><a href=\"https:\/\/www.youtube.com\/playlist?list=PLbBW2cmW7nY41R8hDIRH3YoMCgc98odUR\">Grandir en Europe<\/a><\/em>\u201d (<a href=\"https:\/\/www.youtube.com\/playlist?list=PLOk2wi69sq68TISzRk9tTblw2ecIsHBET\">Growing up in Europe<\/a>)<\/p>\n<\/div>\n\n\t\t\t\t\t\t\t\t\t\t\t<a class=\"link-text-icon text-third d-block mt-3\"\n\t\thref=\"https:\/\/www.francemediasmonde.com\/fr\/actualites\/entr-recoit-le-prix-franco-allemand-du-journalisme-dans-la-categorie-jeunes-talents\/\"\n\t\ttarget=\"_blank\"\t\t\ttitle=\"Find out more\"\n\t>\n\n          <span>\n    \n\t\t\t\t\tFind out more\n\t\t\n          <\/span>\n    \n\n\n\t\t\t\t\t\t\t<svg class=\"icon icon--xsmall\" role=\"img\" focusable=\"false\" aria-labelledby=\"arrow-title--1994463617\">\n\t\t\t\t<title id=\"arrow-title--1994463617\">Arrow of link<\/title>\n\t\t\t\t<use class=\"use-icon\" xlink:href=\"https:\/\/www.francemediasmonde.com\/en\/wp-content\/themes\/fmm\/images\/pictos\/pictos_symbols.svg#arrowRight\"><\/use>\n\t\t\t<\/svg>\n\t\t\t<\/a>\n\n\t\t\t\t\t\t\t\t\t<\/div>\n\n\t\t\t\t\t\t\t\t\t\t\t\t\t\t\t<\/div>\n\t\t\t\t\t\t<\/li>\n\t\t\t\t\t\t\t\t\t\t\t\t<\/ul>\n\t\t<\/div>\n\t<\/section>\n\n\n\t<section class=\"block-cards\">\n\t\t<div class=\"container\">\n\t\t\t<ul class=\"row justify-content-center list-unstyled\">\n\t\t\t\t\t\t\t\t\t\t\t\t\t\t\t<li class=\"col-md-4 pb-3  mb-3 pb-md-0 mb-md-4\">\n\t\t\t\t\t\t\t<div class=\"card-wrapper gray-spacer-horizontal\">\n\t\t\t\t\t\t\t\t\n\t\t\t\t\t\t\t\t\t<div class=\"card-content text-primary\">\n\t\t\t\t\t\t\t\t\t\t\t\t\t\t\t\t\t\t\t\t\t\t\t\t\t\t\t\t\t\t\t\t\t\t\t\t\t\t\t\t\t\t\t\t\t\n        \n  <div class=\"field-image\">\n    <figure class=\"field-image--figure h-100 m-0 \">\n      <img loading=\"lazy\" decoding=\"async\" loading=\"\" src=\"https:\/\/www.francemediasmonde.com\/en\/wp-content\/uploads\/sites\/2\/2025\/05\/Reporters-France-24-les-peuples-autochtones-face-au-changement-climatique.png\"\n        class=\"img-fluid field-image--img\"\n         alt=\"\"         title=\"Reporters France 24 : Indigenous peoples and climate change\"         width=\"941\"         height=\"561\"         srcset=\"https:\/\/www.francemediasmonde.com\/en\/wp-content\/uploads\/sites\/2\/2025\/05\/Reporters-France-24-les-peuples-autochtones-face-au-changement-climatique-500x250.png 500w, https:\/\/www.francemediasmonde.com\/en\/wp-content\/uploads\/sites\/2\/2025\/05\/Reporters-France-24-les-peuples-autochtones-face-au-changement-climatique-576x288.png 576w, https:\/\/www.francemediasmonde.com\/en\/wp-content\/uploads\/sites\/2\/2025\/05\/Reporters-France-24-les-peuples-autochtones-face-au-changement-climatique-202x101.png 202w\"         sizes=\"auto, (max-width: 941px) 100vw, 941px\"      \/>\n        <\/figure>\n  <\/div>\n\t\t\t\t\t\t\t\t\t\t\n\t\t\t\t\t\t\t\t\t\t\n\n\t\t\t\t\t\t\t\t\t\t  <div class=\"text m-0 P-normal\"><p><strong>France 24 rewarded at the Asia-Pacific Broadcasting Union at the Together for Planet, People, Peace (T4P) Media Awards<\/strong><br \/>\n\u201cPeople \u2013 Television\u201d award: \u201c<em><a href=\"https:\/\/graphics.france24.com\/peuple-autochtone-rechauffement-climatique\/\">Les peoples autochtones face au changement climatique<\/a><\/em>\u201d (<a href=\"https:\/\/graphics.france24.com\/indigenous-people-climate-change\/\">Indigenous peoples and climate change<\/a>) \u2022 James Andr\u00e9 et Achraf Abid<\/p>\n<\/div>\n\n\t\t\t\t\t\t\t\t\t\t\t<a class=\"link-text-icon text-third d-block mt-3\"\n\t\thref=\"https:\/\/graphics.france24.com\/peuple-autochtone-rechauffement-climatique\/\"\n\t\ttarget=\"_blank\"\t\t\ttitle=\"Find out more\"\n\t>\n\n          <span>\n    \n\t\t\t\t\tFind out more\n\t\t\n          <\/span>\n    \n\n\n\t\t\t\t\t\t\t<svg class=\"icon icon--xsmall\" role=\"img\" focusable=\"false\" aria-labelledby=\"arrow-title--1393140108\">\n\t\t\t\t<title id=\"arrow-title--1393140108\">Arrow of link<\/title>\n\t\t\t\t<use class=\"use-icon\" xlink:href=\"https:\/\/www.francemediasmonde.com\/en\/wp-content\/themes\/fmm\/images\/pictos\/pictos_symbols.svg#arrowRight\"><\/use>\n\t\t\t<\/svg>\n\t\t\t<\/a>\n\n\t\t\t\t\t\t\t\t\t<\/div>\n\n\t\t\t\t\t\t\t\t\t\t\t\t\t\t\t<\/div>\n\t\t\t\t\t\t<\/li>\n\t\t\t\t\t\t\t\t\t\t\t<li class=\"col-md-4 pb-3  mb-3 pb-md-0 mb-md-4\">\n\t\t\t\t\t\t\t<div class=\"card-wrapper gray-spacer-horizontal\">\n\t\t\t\t\t\t\t\t\n\t\t\t\t\t\t\t\t\t<div class=\"card-content text-primary\">\n\t\t\t\t\t\t\t\t\t\t\t\t\t\t\t\t\t\t\t\t\t\t\t\t\t\t\t\t\t\t\t\t\t\t\t\t\t\t\t\t\t\t\t\t\t\n        \n  <div class=\"field-image\">\n    <figure class=\"field-image--figure h-100 m-0 \">\n      <img loading=\"lazy\" decoding=\"async\" loading=\"\" src=\"https:\/\/www.francemediasmonde.com\/en\/wp-content\/uploads\/sites\/2\/2024\/07\/figra-2024-e1717403158783-576x288-1.jpg\"\n        class=\"img-fluid field-image--img\"\n         alt=\"\"         title=\"figra-2024-e1717403158783-576&#215;288\"         width=\"576\"         height=\"288\"         srcset=\"https:\/\/www.francemediasmonde.com\/en\/wp-content\/uploads\/sites\/2\/2024\/07\/figra-2024-e1717403158783-576x288-1-500x250.jpg 500w, https:\/\/www.francemediasmonde.com\/en\/wp-content\/uploads\/sites\/2\/2024\/07\/figra-2024-e1717403158783-576x288-1-202x101.jpg 202w, https:\/\/www.francemediasmonde.com\/en\/wp-content\/uploads\/sites\/2\/2024\/07\/figra-2024-e1717403158783-576x288-1.jpg 576w\"         sizes=\"auto, (max-width: 576px) 100vw, 576px\"      \/>\n        <\/figure>\n  <\/div>\n\t\t\t\t\t\t\t\t\t\t\n\t\t\t\t\t\t\t\t\t\t\n\n\t\t\t\t\t\t\t\t\t\t  <div class=\"text m-0 P-normal\"><p><strong>France 24 wins two awards at FIGRA (Festival International du Grand Reportage d\u2019Actualit\u00e9 \u2014 International Festival of News Documentaries) 2024<\/strong><br \/>\nHuman Rights Prize: \u2018<a href=\"https:\/\/www.france24.com\/fr\/%C3%A9missions\/reporters\/20230602-vos-visages-sont-%C3%A0-nous-les-dangers-de-la-reconnaissance-faciale\"><em>Vos visages sont \u00e0 nous<\/em><\/a>\u2019 (<a href=\"https:\/\/www.france24.com\/en\/tv-shows\/reporters\/20230602-your-face-is-ours-the-dangers-of-facial-recognition-software\">Your Face is Ours<\/a>) \u2022 Rom\u00e9o Langlois and Jessica Lemasurier<br \/>\nSpecial mention in the International Competition: \u2018<a href=\"https:\/\/www.france24.com\/fr\/%C3%A9missions\/reporters\/20230224-ukraine-avec-les-soldats-de-l-ombre-dans-la-r%C3%A9gion-de-kherson\"><em>Ukraine, les soldats de l\u2019ombre<\/em><\/a>\u2019 (<a href=\"https:\/\/www.france24.com\/en\/tv-shows\/reporters\/20230224-ukraine-s-shadow-soldiers-meeting-resistance-fighters-in-kherson-region\">Ukraine&#8217;s shadow soldiers<\/a>) \u2022 Gwendoline Debono<\/p>\n<\/div>\n\n\t\t\t\t\t\t\t\t\t\t\t<a class=\"link-text-icon text-third d-block mt-3\"\n\t\thref=\"https:\/\/www.francemediasmonde.com\/fr\/actualites\/france-24-doublement-recompensee-au-figra-2024\/\"\n\t\ttarget=\"_blank\"\t\t\ttitle=\"Find out more\"\n\t>\n\n          <span>\n    \n\t\t\t\t\tFind out more\n\t\t\n          <\/span>\n    \n\n\n\t\t\t\t\t\t\t<svg class=\"icon icon--xsmall\" role=\"img\" focusable=\"false\" aria-labelledby=\"arrow-title--893231342\">\n\t\t\t\t<title id=\"arrow-title--893231342\">Arrow of link<\/title>\n\t\t\t\t<use class=\"use-icon\" xlink:href=\"https:\/\/www.francemediasmonde.com\/en\/wp-content\/themes\/fmm\/images\/pictos\/pictos_symbols.svg#arrowRight\"><\/use>\n\t\t\t<\/svg>\n\t\t\t<\/a>\n\n\t\t\t\t\t\t\t\t\t<\/div>\n\n\t\t\t\t\t\t\t\t\t\t\t\t\t\t\t<\/div>\n\t\t\t\t\t\t<\/li>\n\t\t\t\t\t\t\t\t\t\t\t<li class=\"col-md-4 pb-3  mb-3 pb-md-0 mb-md-4\">\n\t\t\t\t\t\t\t<div class=\"card-wrapper gray-spacer-horizontal\">\n\t\t\t\t\t\t\t\t\n\t\t\t\t\t\t\t\t\t<div class=\"card-content text-primary\">\n\t\t\t\t\t\t\t\t\t\t\t\t\t\t\t\t\t\t\t\t\t\t\t\t\t\t\t\t\t\t\t\t\t\t\t\t\t\t\t\t\t\t\t\t\t\n        \n  <div class=\"field-image\">\n    <figure class=\"field-image--figure h-100 m-0 \">\n      <img loading=\"lazy\" decoding=\"async\" loading=\"\" src=\"https:\/\/www.francemediasmonde.com\/en\/wp-content\/uploads\/sites\/2\/2024\/07\/lauriers.webp\"\n        class=\"img-fluid field-image--img\"\n         alt=\"\"         title=\"lauriers\"         width=\"411\"         height=\"308\"                 sizes=\"auto, (max-width: 411px) 100vw, 411px\"      \/>\n        <\/figure>\n  <\/div>\n\t\t\t\t\t\t\t\t\t\t\n\t\t\t\t\t\t\t\t\t\t\n\n\t\t\t\t\t\t\t\t\t\t  <div class=\"text m-0 P-normal\"><p><strong>France 24 rewarded at the <em>Lauriers de l\u2019Audiovisuel<\/em> awards ceremony<\/strong><br \/>\n<em>Feature category \u2022 \u2018<a href=\"https:\/\/www.france24.com\/fr\/%C3%A9missions\/reporters\/20230224-ukraine-avec-les-soldats-de-l-ombre-dans-la-r%C3%A9gion-de-kherson\">Ukraine: les soldats de l\u2019ombre\u2019<\/a> (<a href=\"https:\/\/www.france24.com\/en\/tv-shows\/reporters\/20230224-ukraine-s-shadow-soldiers-meeting-resistance-fighters-in-kherson-region\">Ukraine&#8217;s shadow soldiers<\/a>)<\/em>\u00a0by Gwendoline Debono<\/p>\n<\/div>\n\n\t\t\t\t\t\t\t\t\t\t\t<a class=\"link-text-icon text-third d-block mt-3\"\n\t\thref=\"https:\/\/www.france24.com\/fr\/%C3%A9missions\/reporters\/20230224-ukraine-avec-les-soldats-de-l-ombre-dans-la-r%C3%A9gion-de-kherson\"\n\t\ttarget=\"_blank\"\t\t\ttitle=\"Find out more\"\n\t>\n\n          <span>\n    \n\t\t\t\t\tFind out more\n\t\t\n          <\/span>\n    \n\n\n\t\t\t\t\t\t\t<svg class=\"icon icon--xsmall\" role=\"img\" focusable=\"false\" aria-labelledby=\"arrow-title--209762168\">\n\t\t\t\t<title id=\"arrow-title--209762168\">Arrow of link<\/title>\n\t\t\t\t<use class=\"use-icon\" xlink:href=\"https:\/\/www.francemediasmonde.com\/en\/wp-content\/themes\/fmm\/images\/pictos\/pictos_symbols.svg#arrowRight\"><\/use>\n\t\t\t<\/svg>\n\t\t\t<\/a>\n\n\t\t\t\t\t\t\t\t\t<\/div>\n\n\t\t\t\t\t\t\t\t\t\t\t\t\t\t\t<\/div>\n\t\t\t\t\t\t<\/li>\n\t\t\t\t\t\t\t\t\t\t\t\t<\/ul>\n\t\t<\/div>\n\t<\/section>\n\n\n<section class=\"block-title-video\">\n  <div class=\"container\">\n    <div class=\"row\">\n      <div class=\"col-md-10 mx-auto\">\n\n                  <hr class=\"bg-blue\">\n                \n\n          <div class=\"text text-center suptitle text-primary\">DURING THE YEAR<\/div>\n\n          <div class=\"text text-center Titre-Sans-XXL text-primary\">2023<\/div>\n\n        \n              \n      <\/div>\n    <\/div>\n  <\/div>\n<\/section>\n\n\n\n\n\t<section class=\"block-cards\">\n\t\t<div class=\"container\">\n\t\t\t<ul class=\"row justify-content-center list-unstyled\">\n\t\t\t\t\t\t\t\t\t\t\t\t\t\t\t<li class=\"col-md-4 pb-3  mb-3 pb-md-0 mb-md-4\">\n\t\t\t\t\t\t\t<div class=\"card-wrapper gray-spacer-horizontal\">\n\t\t\t\t\t\t\t\t\n\t\t\t\t\t\t\t\t\t<div class=\"card-content text-primary\">\n\t\t\t\t\t\t\t\t\t\t\t\t\t\t\t\t\t\t\t\t\t\t\t\t\t\t\t\t\t\t\t\t\t\t\t\t\t\t\t\t\t\t\t\t\t\n        \n  <div class=\"field-image\">\n    <figure class=\"field-image--figure h-100 m-0 \">\n      <img loading=\"lazy\" decoding=\"async\" loading=\"\" src=\"https:\/\/www.francemediasmonde.com\/en\/wp-content\/uploads\/sites\/2\/2024\/07\/Prix-de-linitiative-europeenne-576x288-1.webp\"\n        class=\"img-fluid field-image--img\"\n         alt=\"\"         title=\"Prix-de-linitiative-europeenne-576&#215;288\"         width=\"576\"         height=\"288\"         srcset=\"https:\/\/www.francemediasmonde.com\/en\/wp-content\/uploads\/sites\/2\/2024\/07\/Prix-de-linitiative-europeenne-576x288-1-500x250.webp 500w, https:\/\/www.francemediasmonde.com\/en\/wp-content\/uploads\/sites\/2\/2024\/07\/Prix-de-linitiative-europeenne-576x288-1-202x101.webp 202w, https:\/\/www.francemediasmonde.com\/en\/wp-content\/uploads\/sites\/2\/2024\/07\/Prix-de-linitiative-europeenne-576x288-1.webp 576w\"         sizes=\"auto, (max-width: 576px) 100vw, 576px\"      \/>\n        <\/figure>\n  <\/div>\n\t\t\t\t\t\t\t\t\t\t\n\t\t\t\t\t\t\t\t\t\t\n\n\t\t\t\t\t\t\t\t\t\t  <div class=\"text m-0 P-normal\"><p><strong>France M\u00e9dias Monde wins two European Initiative Prizes<\/strong><br \/>\n<em>Television category \u2022\u00a0<\/em>Caroline de Camaret (France 24)<br \/>\n<em>Digital category \u2022 <\/em>ENTR<\/p>\n<\/div>\n\n\t\t\t\t\t\t\t\t\t\t\t<a class=\"link-text-icon text-third d-block mt-3\"\n\t\thref=\"https:\/\/www.francemediasmonde.com\/fr\/actualites\/france-medias-monde-doublement-recompense-aux-prix-de-linitiative-europeenne-2023\/\"\n\t\ttarget=\"_blank\"\t\t\ttitle=\"Find out more\"\n\t>\n\n          <span>\n    \n\t\t\t\t\tFind out more\n\t\t\n          <\/span>\n    \n\n\n\t\t\t\t\t\t\t<svg class=\"icon icon--xsmall\" role=\"img\" focusable=\"false\" aria-labelledby=\"arrow-title--2007993443\">\n\t\t\t\t<title id=\"arrow-title--2007993443\">Arrow of link<\/title>\n\t\t\t\t<use class=\"use-icon\" xlink:href=\"https:\/\/www.francemediasmonde.com\/en\/wp-content\/themes\/fmm\/images\/pictos\/pictos_symbols.svg#arrowRight\"><\/use>\n\t\t\t<\/svg>\n\t\t\t<\/a>\n\n\t\t\t\t\t\t\t\t\t<\/div>\n\n\t\t\t\t\t\t\t\t\t\t\t\t\t\t\t<\/div>\n\t\t\t\t\t\t<\/li>\n\t\t\t\t\t\t\t\t\t\t\t<li class=\"col-md-4 pb-3  mb-3 pb-md-0 mb-md-4\">\n\t\t\t\t\t\t\t<div class=\"card-wrapper gray-spacer-horizontal\">\n\t\t\t\t\t\t\t\t\n\t\t\t\t\t\t\t\t\t<div class=\"card-content text-primary\">\n\t\t\t\t\t\t\t\t\t\t\t\t\t\t\t\t\t\t\t\t\t\t\t\t\t\t\t\t\t\t\t\t\t\t\t\t\t\t\t\t\t\t\t\t\t\n        \n  <div class=\"field-image\">\n    <figure class=\"field-image--figure h-100 m-0 \">\n      <img loading=\"lazy\" decoding=\"async\" loading=\"\" src=\"https:\/\/www.francemediasmonde.com\/en\/wp-content\/uploads\/sites\/2\/2024\/07\/Prix-Simon-Bolivar-576x288-1.webp\"\n        class=\"img-fluid field-image--img\"\n         alt=\"\"         title=\"Prix-Simon-Bolivar-576&#215;288\"         width=\"576\"         height=\"288\"         srcset=\"https:\/\/www.francemediasmonde.com\/en\/wp-content\/uploads\/sites\/2\/2024\/07\/Prix-Simon-Bolivar-576x288-1-500x250.webp 500w, https:\/\/www.francemediasmonde.com\/en\/wp-content\/uploads\/sites\/2\/2024\/07\/Prix-Simon-Bolivar-576x288-1-202x101.webp 202w, https:\/\/www.francemediasmonde.com\/en\/wp-content\/uploads\/sites\/2\/2024\/07\/Prix-Simon-Bolivar-576x288-1.webp 576w\"         sizes=\"auto, (max-width: 576px) 100vw, 576px\"      \/>\n        <\/figure>\n  <\/div>\n\t\t\t\t\t\t\t\t\t\t\n\t\t\t\t\t\t\t\t\t\t\n\n\t\t\t\t\t\t\t\t\t\t  <div class=\"text m-0 P-normal\"><p><strong>Simon Bolivar National Journalism Prize <\/strong>for the joint investigation \u2018<em>The Rafael Project<\/em><em>\u2019<\/em> directed by Forbidden Stories with the participation of RFI and France 24<\/p>\n<\/div>\n\n\t\t\t\t\t\t\t\t\t\t\t<a class=\"link-text-icon text-third d-block mt-3\"\n\t\thref=\"https:\/\/www.pressefmm.com\/le-projet-rafael\/\"\n\t\ttarget=\"_blank\"\t\t\ttitle=\"Find out more\"\n\t>\n\n          <span>\n    \n\t\t\t\t\tFind out more\n\t\t\n          <\/span>\n    \n\n\n\t\t\t\t\t\t\t<svg class=\"icon icon--xsmall\" role=\"img\" focusable=\"false\" aria-labelledby=\"arrow-title--853812390\">\n\t\t\t\t<title id=\"arrow-title--853812390\">Arrow of link<\/title>\n\t\t\t\t<use class=\"use-icon\" xlink:href=\"https:\/\/www.francemediasmonde.com\/en\/wp-content\/themes\/fmm\/images\/pictos\/pictos_symbols.svg#arrowRight\"><\/use>\n\t\t\t<\/svg>\n\t\t\t<\/a>\n\n\t\t\t\t\t\t\t\t\t<\/div>\n\n\t\t\t\t\t\t\t\t\t\t\t\t\t\t\t<\/div>\n\t\t\t\t\t\t<\/li>\n\t\t\t\t\t\t\t\t\t\t\t<li class=\"col-md-4 pb-3  mb-3 pb-md-0 mb-md-4\">\n\t\t\t\t\t\t\t<div class=\"card-wrapper gray-spacer-horizontal\">\n\t\t\t\t\t\t\t\t\n\t\t\t\t\t\t\t\t\t<div class=\"card-content text-primary\">\n\t\t\t\t\t\t\t\t\t\t\t\t\t\t\t\t\t\t\t\t\t\t\t\t\t\t\t\t\t\t\t\t\t\t\t\t\t\t\t\t\t\t\t\t\t\n        \n  <div class=\"field-image\">\n    <figure class=\"field-image--figure h-100 m-0 \">\n      <img loading=\"lazy\" decoding=\"async\" loading=\"\" src=\"https:\/\/www.francemediasmonde.com\/en\/wp-content\/uploads\/sites\/2\/2024\/07\/Madagascar-576x288-1.webp\"\n        class=\"img-fluid field-image--img\"\n         alt=\"\"         title=\"Madagascar-576&#215;288\"         width=\"576\"         height=\"288\"         srcset=\"https:\/\/www.francemediasmonde.com\/en\/wp-content\/uploads\/sites\/2\/2024\/07\/Madagascar-576x288-1-500x250.webp 500w, https:\/\/www.francemediasmonde.com\/en\/wp-content\/uploads\/sites\/2\/2024\/07\/Madagascar-576x288-1-202x101.webp 202w, https:\/\/www.francemediasmonde.com\/en\/wp-content\/uploads\/sites\/2\/2024\/07\/Madagascar-576x288-1.webp 576w\"         sizes=\"auto, (max-width: 576px) 100vw, 576px\"      \/>\n        <\/figure>\n  <\/div>\n\t\t\t\t\t\t\t\t\t\t\n\t\t\t\t\t\t\t\t\t\t\n\n\t\t\t\t\t\t\t\t\t\t  <div class=\"text m-0 P-normal\"><p><strong>Rory Peck Awards 2023<\/strong><br \/>\n<strong>\u2018News\u2019 category<\/strong><br \/>\n<em>\u201c<a href=\"https:\/\/www.france24.com\/fr\/%C3%A9missions\/focus\/20230313-madagascar-la-faim-et-la-pr%C3%A9carit%C3%A9-poussent-des-familles-%C3%A0-vendre-leurs-enfants\">Focus \u2013 Madagascar, enfants \u00e0 vendre<\/a>\u201d <\/em>(<a href=\"https:\/\/www.france24.com\/en\/tv-shows\/focus\/20230313-hunger-stricken-families-in-madagascar-forced-to-sell-children\">Madagascar, Children for Sale<\/a>)<br \/>\nGa\u00eblle Borgia \u2022 France 24<\/p>\n<\/div>\n\n\t\t\t\t\t\t\t\t\t\t\t<a class=\"link-text-icon text-third d-block mt-3\"\n\t\thref=\"https:\/\/www.france24.com\/fr\/%C3%A9missions\/focus\/20230313-madagascar-la-faim-et-la-pr%C3%A9carit%C3%A9-poussent-des-familles-%C3%A0-vendre-leurs-enfants\"\n\t\ttarget=\"_blank\"\t\t\ttitle=\"Find out more\"\n\t>\n\n          <span>\n    \n\t\t\t\t\tFind out more\n\t\t\n          <\/span>\n    \n\n\n\t\t\t\t\t\t\t<svg class=\"icon icon--xsmall\" role=\"img\" focusable=\"false\" aria-labelledby=\"arrow-title--309218380\">\n\t\t\t\t<title id=\"arrow-title--309218380\">Arrow of link<\/title>\n\t\t\t\t<use class=\"use-icon\" xlink:href=\"https:\/\/www.francemediasmonde.com\/en\/wp-content\/themes\/fmm\/images\/pictos\/pictos_symbols.svg#arrowRight\"><\/use>\n\t\t\t<\/svg>\n\t\t\t<\/a>\n\n\t\t\t\t\t\t\t\t\t<\/div>\n\n\t\t\t\t\t\t\t\t\t\t\t\t\t\t\t<\/div>\n\t\t\t\t\t\t<\/li>\n\t\t\t\t\t\t\t\t\t\t\t\t<\/ul>\n\t\t<\/div>\n\t<\/section>\n\n\n\t<section class=\"block-cards\">\n\t\t<div class=\"container\">\n\t\t\t<ul class=\"row justify-content-center list-unstyled\">\n\t\t\t\t\t\t\t\t\t\t\t\t\t\t\t<li class=\"col-md-4 pb-3  mb-3 pb-md-0 mb-md-4\">\n\t\t\t\t\t\t\t<div class=\"card-wrapper gray-spacer-horizontal\">\n\t\t\t\t\t\t\t\t\n\t\t\t\t\t\t\t\t\t<div class=\"card-content text-primary\">\n\t\t\t\t\t\t\t\t\t\t\t\t\t\t\t\t\t\t\t\t\t\t\t\t\t\t\t\t\t\t\t\t\t\t\t\t\t\t\t\t\t\t\t\t\t\n        \n  <div class=\"field-image\">\n    <figure class=\"field-image--figure h-100 m-0 \">\n      <img loading=\"lazy\" decoding=\"async\" loading=\"\" src=\"https:\/\/www.francemediasmonde.com\/en\/wp-content\/uploads\/sites\/2\/2024\/07\/Ukraine-500x250-1.webp\"\n        class=\"img-fluid field-image--img\"\n         alt=\"\"         title=\"Ukraine-500&#215;250\"         width=\"500\"         height=\"250\"         srcset=\"https:\/\/www.francemediasmonde.com\/en\/wp-content\/uploads\/sites\/2\/2024\/07\/Ukraine-500x250-1.webp 500w, https:\/\/www.francemediasmonde.com\/en\/wp-content\/uploads\/sites\/2\/2024\/07\/Ukraine-500x250-1-202x101.webp 202w\"         sizes=\"auto, (max-width: 500px) 100vw, 500px\"      \/>\n        <\/figure>\n  <\/div>\n\t\t\t\t\t\t\t\t\t\t\n\t\t\t\t\t\t\t\t\t\t\n\n\t\t\t\t\t\t\t\t\t\t  <div class=\"text m-0 P-normal\"><p><strong>Shortlisted for the Albert Londres Prize<\/strong><br \/>\n<strong>Audiovisual Prize<\/strong><br \/>\n<em>Reporters+:\u00a0<\/em>\u2018<em>Ukraine, les soldats de l\u2019ombre<\/em>\u2019 (Ukraine, Soldiers of the Shadows)<br \/>\nGwendoline Debono \u2022 France 24<\/p>\n<\/div>\n\n\t\t\t\t\t\t\t\t\t\t\t<a class=\"link-text-icon text-third d-block mt-3\"\n\t\thref=\"https:\/\/www.france24.com\/fr\/%C3%A9missions\/reporters\/20230224-ukraine-avec-les-soldats-de-l-ombre-dans-la-r%C3%A9gion-de-kherson\"\n\t\ttarget=\"_blank\"\t\t\ttitle=\"Find out more\"\n\t>\n\n          <span>\n    \n\t\t\t\t\tFind out more\n\t\t\n          <\/span>\n    \n\n\n\t\t\t\t\t\t\t<svg class=\"icon icon--xsmall\" role=\"img\" focusable=\"false\" aria-labelledby=\"arrow-title--310166267\">\n\t\t\t\t<title id=\"arrow-title--310166267\">Arrow of link<\/title>\n\t\t\t\t<use class=\"use-icon\" xlink:href=\"https:\/\/www.francemediasmonde.com\/en\/wp-content\/themes\/fmm\/images\/pictos\/pictos_symbols.svg#arrowRight\"><\/use>\n\t\t\t<\/svg>\n\t\t\t<\/a>\n\n\t\t\t\t\t\t\t\t\t<\/div>\n\n\t\t\t\t\t\t\t\t\t\t\t\t\t\t\t<\/div>\n\t\t\t\t\t\t<\/li>\n\t\t\t\t\t\t\t\t\t\t\t<li class=\"col-md-4 pb-3  mb-3 pb-md-0 mb-md-4\">\n\t\t\t\t\t\t\t<div class=\"card-wrapper gray-spacer-horizontal\">\n\t\t\t\t\t\t\t\t\n\t\t\t\t\t\t\t\t\t<div class=\"card-content text-primary\">\n\t\t\t\t\t\t\t\t\t\t\t\t\t\t\t\t\t\t\t\t\t\t\t\t\t\t\t\t\t\t\t\t\t\t\t\t\t\t\t\t\t\t\t\t\t\n        \n  <div class=\"field-image\">\n    <figure class=\"field-image--figure h-100 m-0 \">\n      <img loading=\"lazy\" decoding=\"async\" loading=\"\" src=\"https:\/\/www.francemediasmonde.com\/en\/wp-content\/uploads\/sites\/2\/2024\/07\/Haiti-576x288-1.webp\"\n        class=\"img-fluid field-image--img\"\n         alt=\"\"         title=\"Haiti-576&#215;288\"         width=\"576\"         height=\"288\"         srcset=\"https:\/\/www.francemediasmonde.com\/en\/wp-content\/uploads\/sites\/2\/2024\/07\/Haiti-576x288-1-500x250.webp 500w, https:\/\/www.francemediasmonde.com\/en\/wp-content\/uploads\/sites\/2\/2024\/07\/Haiti-576x288-1-202x101.webp 202w, https:\/\/www.francemediasmonde.com\/en\/wp-content\/uploads\/sites\/2\/2024\/07\/Haiti-576x288-1.webp 576w\"         sizes=\"auto, (max-width: 576px) 100vw, 576px\"      \/>\n        <\/figure>\n  <\/div>\n\t\t\t\t\t\t\t\t\t\t\n\t\t\t\t\t\t\t\t\t\t\n\n\t\t\t\t\t\t\t\t\t\t  <div class=\"text m-0 P-normal\"><p><strong>Philippe Chaffanjon Prize for Multimedia Reporting<\/strong><br \/>\nHaitian Report Prize category<br \/>\n<em>Ha\u00efti: le calvaire des m\u00e8res c\u00e9libataires <\/em>(Haiti: the Ordeal of Single Mothers)<br \/>\nRonel Paul\u00a0 \u2022 RFI correspondent in Ha\u00efti<\/p>\n<\/div>\n\n\t\t\t\t\t\t\t\t\t\t\t<a class=\"link-text-icon text-third d-block mt-3\"\n\t\thref=\"https:\/\/www.rfi.fr\/fr\/podcasts\/journal-d-ha%C3%AFti-et-des-am%C3%A9riques\/20230616-ronel-paul-correspondant-en-ha%C3%AFti-laur%C3%A9at-du-prix-chaffanjon\"\n\t\ttarget=\"_blank\"\t\t\ttitle=\"Find out more\"\n\t>\n\n          <span>\n    \n\t\t\t\t\tFind out more\n\t\t\n          <\/span>\n    \n\n\n\t\t\t\t\t\t\t<svg class=\"icon icon--xsmall\" role=\"img\" focusable=\"false\" aria-labelledby=\"arrow-title--1118629877\">\n\t\t\t\t<title id=\"arrow-title--1118629877\">Arrow of link<\/title>\n\t\t\t\t<use class=\"use-icon\" xlink:href=\"https:\/\/www.francemediasmonde.com\/en\/wp-content\/themes\/fmm\/images\/pictos\/pictos_symbols.svg#arrowRight\"><\/use>\n\t\t\t<\/svg>\n\t\t\t<\/a>\n\n\t\t\t\t\t\t\t\t\t<\/div>\n\n\t\t\t\t\t\t\t\t\t\t\t\t\t\t\t<\/div>\n\t\t\t\t\t\t<\/li>\n\t\t\t\t\t\t\t\t\t\t\t<li class=\"col-md-4 pb-3  mb-3 pb-md-0 mb-md-4\">\n\t\t\t\t\t\t\t<div class=\"card-wrapper gray-spacer-horizontal\">\n\t\t\t\t\t\t\t\t\n\t\t\t\t\t\t\t\t\t<div class=\"card-content text-primary\">\n\t\t\t\t\t\t\t\t\t\t\t\t\t\t\t\t\t\t\t\t\t\t\t\t\t\t\t\t\t\t\t\t\t\t\t\t\t\t\t\t\t\t\t\t\t\n        \n  <div class=\"field-image\">\n    <figure class=\"field-image--figure h-100 m-0 \">\n      <img loading=\"lazy\" decoding=\"async\" loading=\"\" src=\"https:\/\/www.francemediasmonde.com\/en\/wp-content\/uploads\/sites\/2\/2024\/07\/maxresdefault-576x288-1.webp\"\n        class=\"img-fluid field-image--img\"\n         alt=\"\"         title=\"maxresdefault-576&#215;288\"         width=\"576\"         height=\"288\"         srcset=\"https:\/\/www.francemediasmonde.com\/en\/wp-content\/uploads\/sites\/2\/2024\/07\/maxresdefault-576x288-1-500x250.webp 500w, https:\/\/www.francemediasmonde.com\/en\/wp-content\/uploads\/sites\/2\/2024\/07\/maxresdefault-576x288-1-202x101.webp 202w, https:\/\/www.francemediasmonde.com\/en\/wp-content\/uploads\/sites\/2\/2024\/07\/maxresdefault-576x288-1.webp 576w\"         sizes=\"auto, (max-width: 576px) 100vw, 576px\"      \/>\n        <\/figure>\n  <\/div>\n\t\t\t\t\t\t\t\t\t\t\n\t\t\t\t\t\t\t\t\t\t\n\n\t\t\t\t\t\t\t\t\t\t  <div class=\"text m-0 P-normal\"><p><strong>FIGRA 2023 (<em>Festival International du Grand Reportage d\u2019Actualit\u00e9<\/em> \u2014 International Festival of News Documentaries)<\/strong><br \/>\nAudience Award<em>\u2022\u00a0 N\u2019en parlons plus<\/em> (Forget About It) \u2022 C\u00e9cile Khindria and Vittorio Moroni<\/p>\n<\/div>\n\n\t\t\t\t\t\t\t\t\t\t\t<a class=\"link-text-icon text-third d-block mt-3\"\n\t\thref=\"https:\/\/www.france24.com\/fr\/%C3%A9missions\/reporters\/20231208-n-en-parlons-plus-sarah-traces-grand-pere-harki-guerre-algerie\"\n\t\ttarget=\"_blank\"\t\t\ttitle=\"Find out more\"\n\t>\n\n          <span>\n    \n\t\t\t\t\tFind out more\n\t\t\n          <\/span>\n    \n\n\n\t\t\t\t\t\t\t<svg class=\"icon icon--xsmall\" role=\"img\" focusable=\"false\" aria-labelledby=\"arrow-title--1563367818\">\n\t\t\t\t<title id=\"arrow-title--1563367818\">Arrow of link<\/title>\n\t\t\t\t<use class=\"use-icon\" xlink:href=\"https:\/\/www.francemediasmonde.com\/en\/wp-content\/themes\/fmm\/images\/pictos\/pictos_symbols.svg#arrowRight\"><\/use>\n\t\t\t<\/svg>\n\t\t\t<\/a>\n\n\t\t\t\t\t\t\t\t\t<\/div>\n\n\t\t\t\t\t\t\t\t\t\t\t\t\t\t\t<\/div>\n\t\t\t\t\t\t<\/li>\n\t\t\t\t\t\t\t\t\t\t\t\t<\/ul>\n\t\t<\/div>\n\t<\/section>\n\n\n<section class=\"block-title-video\">\n  <div class=\"container\">\n    <div class=\"row\">\n      <div class=\"col-md-10 mx-auto\">\n\n                  <hr class=\"bg-blue\">\n                \n\n          <div class=\"text text-center suptitle text-primary\">during the year<\/div>\n\n          <div class=\"text text-center Titre-Sans-XXL text-primary\">2022<\/div>\n\n        \n              \n      <\/div>\n    <\/div>\n  <\/div>\n<\/section>\n\n\n\n\n\t<section class=\"block-cards\">\n\t\t<div class=\"container\">\n\t\t\t<ul class=\"row justify-content-center list-unstyled\">\n\t\t\t\t\t\t\t\t\t\t\t\t\t\t\t<li class=\"col-md-4 pb-3  mb-3 pb-md-0 mb-md-4\">\n\t\t\t\t\t\t\t<div class=\"card-wrapper gray-spacer-horizontal\">\n\t\t\t\t\t\t\t\t\n\t\t\t\t\t\t\t\t\t<div class=\"card-content text-primary\">\n\t\t\t\t\t\t\t\t\t\t\t\t\t\t\t\t\t\t\t\t\t\t\t\t\t\t\t\t\t\t\t\t\t\t\t\t\t\t\t\t\t\t\t\t\t\n        \n  <div class=\"field-image\">\n    <figure class=\"field-image--figure h-100 m-0 \">\n      <img loading=\"lazy\" decoding=\"async\" loading=\"\" src=\"https:\/\/www.francemediasmonde.com\/en\/wp-content\/uploads\/sites\/2\/2024\/07\/Reporter-le-doc-Irak-576x288-1.jpg\"\n        class=\"img-fluid field-image--img\"\n         alt=\"\"         title=\"Reporter-le-doc-Irak-576&#215;288\"         width=\"576\"         height=\"288\"         srcset=\"https:\/\/www.francemediasmonde.com\/en\/wp-content\/uploads\/sites\/2\/2024\/07\/Reporter-le-doc-Irak-576x288-1-500x250.jpg 500w, https:\/\/www.francemediasmonde.com\/en\/wp-content\/uploads\/sites\/2\/2024\/07\/Reporter-le-doc-Irak-576x288-1-202x101.jpg 202w, https:\/\/www.francemediasmonde.com\/en\/wp-content\/uploads\/sites\/2\/2024\/07\/Reporter-le-doc-Irak-576x288-1.jpg 576w\"         sizes=\"auto, (max-width: 576px) 100vw, 576px\"      \/>\n        <\/figure>\n  <\/div>\n\t\t\t\t\t\t\t\t\t\t\n\t\t\t\t\t\t\t\t\t\t\n\n\t\t\t\t\t\t\t\t\t\t  <div class=\"text m-0 P-normal\"><p><strong>FIGRA (<em>Festival International du Grand Reportage d\u2019Actualit\u00e9 <\/em><\/strong><strong>\u2014 <\/strong><strong>International Festival of News Documentaries)<\/strong><br \/>\n<strong>Special mention under 40\u2019<\/strong><br \/>\n<em>Reporters le Doc: Irak, la r\u00e9volution assassin\u00e9e<\/em> (Reporters le Doc: Iraq: A revolution murdered)<br \/>\nAmar Al Hameedawi, Jonathan Walsh \u2022 France 24<\/p>\n<\/div>\n\n\t\t\t\t\t\t\t\t\t\t\t<a class=\"link-text-icon text-third d-block mt-3\"\n\t\thref=\"https:\/\/www.france24.com\/fr\/%C3%A9missions\/reporters\/20211007-en-irak-la-r%C3%A9volution-assassin%C3%A9e\"\n\t\ttarget=\"\"\t\t\ttitle=\"Find out more\"\n\t>\n\n          <span>\n    \n\t\t\t\t\tFind out more\n\t\t\n          <\/span>\n    \n\n\n\t\t\t\t\t\t\t<svg class=\"icon icon--xsmall\" role=\"img\" focusable=\"false\" aria-labelledby=\"arrow-title--369418645\">\n\t\t\t\t<title id=\"arrow-title--369418645\">Arrow of link<\/title>\n\t\t\t\t<use class=\"use-icon\" xlink:href=\"https:\/\/www.francemediasmonde.com\/en\/wp-content\/themes\/fmm\/images\/pictos\/pictos_symbols.svg#arrowRight\"><\/use>\n\t\t\t<\/svg>\n\t\t\t<\/a>\n\n\t\t\t\t\t\t\t\t\t<\/div>\n\n\t\t\t\t\t\t\t\t\t\t\t\t\t\t\t<\/div>\n\t\t\t\t\t\t<\/li>\n\t\t\t\t\t\t\t\t\t\t\t<li class=\"col-md-4 pb-3  mb-3 pb-md-0 mb-md-4\">\n\t\t\t\t\t\t\t<div class=\"card-wrapper gray-spacer-horizontal\">\n\t\t\t\t\t\t\t\t\n\t\t\t\t\t\t\t\t\t<div class=\"card-content text-primary\">\n\t\t\t\t\t\t\t\t\t\t\t\t\t\t\t\t\t\t\t\t\t\t\t\t\t\t\t\t\t\t\t\t\t\t\t\t\t\t\t\t\t\t\t\t\t\n        \n  <div class=\"field-image\">\n    <figure class=\"field-image--figure h-100 m-0 \">\n      <img loading=\"lazy\" decoding=\"async\" loading=\"\" src=\"https:\/\/www.francemediasmonde.com\/en\/wp-content\/uploads\/sites\/2\/2024\/07\/main-1920x1080_LaFranceMonBled-1440x720-1.png\"\n        class=\"img-fluid field-image--img\"\n         alt=\"\"         title=\"main-1920x1080_LaFranceMonBled-1440&#215;720\"         width=\"1440\"         height=\"720\"         srcset=\"https:\/\/www.francemediasmonde.com\/en\/wp-content\/uploads\/sites\/2\/2024\/07\/main-1920x1080_LaFranceMonBled-1440x720-1-500x250.png 500w, https:\/\/www.francemediasmonde.com\/en\/wp-content\/uploads\/sites\/2\/2024\/07\/main-1920x1080_LaFranceMonBled-1440x720-1-1024x512.png 1024w, https:\/\/www.francemediasmonde.com\/en\/wp-content\/uploads\/sites\/2\/2024\/07\/main-1920x1080_LaFranceMonBled-1440x720-1-576x288.png 576w, https:\/\/www.francemediasmonde.com\/en\/wp-content\/uploads\/sites\/2\/2024\/07\/main-1920x1080_LaFranceMonBled-1440x720-1-202x101.png 202w, https:\/\/www.francemediasmonde.com\/en\/wp-content\/uploads\/sites\/2\/2024\/07\/main-1920x1080_LaFranceMonBled-1440x720-1.png 1440w\"         sizes=\"auto, (max-width: 1440px) 100vw, 1440px\"      \/>\n        <\/figure>\n  <\/div>\n\t\t\t\t\t\t\t\t\t\t\n\t\t\t\t\t\t\t\t\t\t\n\n\t\t\t\t\t\t\t\t\t\t  <div class=\"text m-0 P-normal\"><p><strong>Winners of the Paris Podcast Festival<\/strong><br \/>\n<em>La France, mon bled<\/em> (France, My Hometown)<br \/>\nLatifa Mouaoued \u2022 RFI<\/p>\n<\/div>\n\n\t\t\t\t\t\t\t\t\t\t\t<a class=\"link-text-icon text-third d-block mt-3\"\n\t\thref=\"https:\/\/www.rfi.fr\/fr\/podcasts\/la-france-mon-bled\/\"\n\t\ttarget=\"\"\t\t\ttitle=\"Find out more\"\n\t>\n\n          <span>\n    \n\t\t\t\t\tFind out more\n\t\t\n          <\/span>\n    \n\n\n\t\t\t\t\t\t\t<svg class=\"icon icon--xsmall\" role=\"img\" focusable=\"false\" aria-labelledby=\"arrow-title--1625828706\">\n\t\t\t\t<title id=\"arrow-title--1625828706\">Arrow of link<\/title>\n\t\t\t\t<use class=\"use-icon\" xlink:href=\"https:\/\/www.francemediasmonde.com\/en\/wp-content\/themes\/fmm\/images\/pictos\/pictos_symbols.svg#arrowRight\"><\/use>\n\t\t\t<\/svg>\n\t\t\t<\/a>\n\n\t\t\t\t\t\t\t\t\t<\/div>\n\n\t\t\t\t\t\t\t\t\t\t\t\t\t\t\t<\/div>\n\t\t\t\t\t\t<\/li>\n\t\t\t\t\t\t\t\t\t\t\t<li class=\"col-md-4 pb-3  mb-3 pb-md-0 mb-md-4\">\n\t\t\t\t\t\t\t<div class=\"card-wrapper gray-spacer-horizontal\">\n\t\t\t\t\t\t\t\t\n\t\t\t\t\t\t\t\t\t<div class=\"card-content text-primary\">\n\t\t\t\t\t\t\t\t\t\t\t\t\t\t\t\t\t\t\t\t\t\t\t\t\t\t\t\t\t\t\t\t\t\t\t\t\t\t\t\t\t\t\t\t\t\n        \n  <div class=\"field-image\">\n    <figure class=\"field-image--figure h-100 m-0 \">\n      <img loading=\"lazy\" decoding=\"async\" loading=\"\" src=\"https:\/\/www.francemediasmonde.com\/en\/wp-content\/uploads\/sites\/2\/2024\/07\/reportage-evacuation_-New-1440x720-1.png\"\n        class=\"img-fluid field-image--img\"\n         alt=\"\"         title=\"reportage-evacuation_-New-1440&#215;720\"         width=\"1440\"         height=\"720\"         srcset=\"https:\/\/www.francemediasmonde.com\/en\/wp-content\/uploads\/sites\/2\/2024\/07\/reportage-evacuation_-New-1440x720-1-500x250.png 500w, https:\/\/www.francemediasmonde.com\/en\/wp-content\/uploads\/sites\/2\/2024\/07\/reportage-evacuation_-New-1440x720-1-1024x512.png 1024w, https:\/\/www.francemediasmonde.com\/en\/wp-content\/uploads\/sites\/2\/2024\/07\/reportage-evacuation_-New-1440x720-1-576x288.png 576w, https:\/\/www.francemediasmonde.com\/en\/wp-content\/uploads\/sites\/2\/2024\/07\/reportage-evacuation_-New-1440x720-1-202x101.png 202w, https:\/\/www.francemediasmonde.com\/en\/wp-content\/uploads\/sites\/2\/2024\/07\/reportage-evacuation_-New-1440x720-1.png 1440w\"         sizes=\"auto, (max-width: 1440px) 100vw, 1440px\"      \/>\n        <\/figure>\n  <\/div>\n\t\t\t\t\t\t\t\t\t\t\n\t\t\t\t\t\t\t\t\t\t\n\n\t\t\t\t\t\t\t\t\t\t  <div class=\"text m-0 P-normal\"><p><strong>Fondation Varenne Image Reporter Prize<\/strong><br \/>\n<em>Les ambulanciers d\u2019Irpin<\/em> (The Irpin Ambulance Crew)<br \/>\nGwendoline Debono \u2022 France 24<\/p>\n<\/div>\n\n\t\t\t\t\t\t\t\t\t\t\t<a class=\"link-text-icon text-third d-block mt-3\"\n\t\thref=\"https:\/\/www.france24.com\/fr\/europe\/20220323-reportage-en-ukraine-%C3%A0-irpin-%C3%A9vacuations-%C3%A0-haut-risque-pour-les-derniers-civils\"\n\t\ttarget=\"\"\t\t\ttitle=\"Find out more\"\n\t>\n\n          <span>\n    \n\t\t\t\t\tFind out more\n\t\t\n          <\/span>\n    \n\n\n\t\t\t\t\t\t\t<svg class=\"icon icon--xsmall\" role=\"img\" focusable=\"false\" aria-labelledby=\"arrow-title--1200200122\">\n\t\t\t\t<title id=\"arrow-title--1200200122\">Arrow of link<\/title>\n\t\t\t\t<use class=\"use-icon\" xlink:href=\"https:\/\/www.francemediasmonde.com\/en\/wp-content\/themes\/fmm\/images\/pictos\/pictos_symbols.svg#arrowRight\"><\/use>\n\t\t\t<\/svg>\n\t\t\t<\/a>\n\n\t\t\t\t\t\t\t\t\t<\/div>\n\n\t\t\t\t\t\t\t\t\t\t\t\t\t\t\t<\/div>\n\t\t\t\t\t\t<\/li>\n\t\t\t\t\t\t\t\t\t\t\t\t<\/ul>\n\t\t<\/div>\n\t<\/section>\n\n\n\t<section class=\"block-cards\">\n\t\t<div class=\"container\">\n\t\t\t<ul class=\"row justify-content-center list-unstyled\">\n\t\t\t\t\t\t\t\t\t\t\t\t\t\t\t<li class=\"col-md-4 pb-3  mb-3 pb-md-0 mb-md-4\">\n\t\t\t\t\t\t\t<div class=\"card-wrapper gray-spacer-horizontal\">\n\t\t\t\t\t\t\t\t\n\t\t\t\t\t\t\t\t\t<div class=\"card-content text-primary\">\n\t\t\t\t\t\t\t\t\t\t\t\t\t\t\t\t\t\t\t\t\t\t\t\t\t\t\t\t\t\t\t\t\t\t\t\t\t\t\t\t\t\t\t\t\t\n        \n  <div class=\"field-image\">\n    <figure class=\"field-image--figure h-100 m-0 \">\n      <img loading=\"lazy\" decoding=\"async\" loading=\"\" src=\"https:\/\/www.francemediasmonde.com\/en\/wp-content\/uploads\/sites\/2\/2024\/07\/Liban-1440x720-1.jpg\"\n        class=\"img-fluid field-image--img\"\n         alt=\"\"         title=\"Liban-1440&#215;720\"         width=\"1440\"         height=\"720\"         srcset=\"https:\/\/www.francemediasmonde.com\/en\/wp-content\/uploads\/sites\/2\/2024\/07\/Liban-1440x720-1-500x250.jpg 500w, https:\/\/www.francemediasmonde.com\/en\/wp-content\/uploads\/sites\/2\/2024\/07\/Liban-1440x720-1-1024x512.jpg 1024w, https:\/\/www.francemediasmonde.com\/en\/wp-content\/uploads\/sites\/2\/2024\/07\/Liban-1440x720-1-576x288.jpg 576w, https:\/\/www.francemediasmonde.com\/en\/wp-content\/uploads\/sites\/2\/2024\/07\/Liban-1440x720-1-202x101.jpg 202w, https:\/\/www.francemediasmonde.com\/en\/wp-content\/uploads\/sites\/2\/2024\/07\/Liban-1440x720-1.jpg 1440w\"         sizes=\"auto, (max-width: 1440px) 100vw, 1440px\"      \/>\n        <\/figure>\n  <\/div>\n\t\t\t\t\t\t\t\t\t\t\n\t\t\t\t\t\t\t\t\t\t\n\n\t\t\t\t\t\t\t\t\t\t  <div class=\"text m-0 P-normal\"><p><strong>Philippe Chaffanjon Prize for Multimedia Reporting<\/strong><br \/>\nFrench Report Award Category<br \/>\n<em>Grand reportage: \u201cLiban, le calvaire des employ\u00e9es de maison africaines\u201d <\/em>(Lebanon: the ordeal of African domestic workers)<br \/>\nNo\u00e9 Pign\u00e8de \u2022 RFI Lebanese correspondent<\/p>\n<\/div>\n\n\t\t\t\t\t\t\t\t\t\t\t<a class=\"link-text-icon text-third d-block mt-3\"\n\t\thref=\"https:\/\/www.rfi.fr\/fr\/podcasts\/grand-reportage\/20210823-liban-le-calvaire-des-employ%C3%A9es-de-maison-africaines\"\n\t\ttarget=\"\"\t\t\ttitle=\"Find out more\"\n\t>\n\n          <span>\n    \n\t\t\t\t\tFind out more\n\t\t\n          <\/span>\n    \n\n\n\t\t\t\t\t\t\t<svg class=\"icon icon--xsmall\" role=\"img\" focusable=\"false\" aria-labelledby=\"arrow-title--964720302\">\n\t\t\t\t<title id=\"arrow-title--964720302\">Arrow of link<\/title>\n\t\t\t\t<use class=\"use-icon\" xlink:href=\"https:\/\/www.francemediasmonde.com\/en\/wp-content\/themes\/fmm\/images\/pictos\/pictos_symbols.svg#arrowRight\"><\/use>\n\t\t\t<\/svg>\n\t\t\t<\/a>\n\n\t\t\t\t\t\t\t\t\t<\/div>\n\n\t\t\t\t\t\t\t\t\t\t\t\t\t\t\t<\/div>\n\t\t\t\t\t\t<\/li>\n\t\t\t\t\t\t\t\t\t\t\t<li class=\"col-md-4 pb-3  mb-3 pb-md-0 mb-md-4\">\n\t\t\t\t\t\t\t<div class=\"card-wrapper gray-spacer-horizontal\">\n\t\t\t\t\t\t\t\t\n\t\t\t\t\t\t\t\t\t<div class=\"card-content text-primary\">\n\t\t\t\t\t\t\t\t\t\t\t\t\t\t\t\t\t\t\t\t\t\t\t\t\t\t\t\t\t\t\t\t\t\t\t\t\t\t\t\t\t\t\t\t\t\n        \n  <div class=\"field-image\">\n    <figure class=\"field-image--figure h-100 m-0 \">\n      <img loading=\"lazy\" decoding=\"async\" loading=\"\" src=\"https:\/\/www.francemediasmonde.com\/en\/wp-content\/uploads\/sites\/2\/2024\/07\/Reporter-DOC-talibans-1440x720-1.jpg\"\n        class=\"img-fluid field-image--img\"\n         alt=\"\"         title=\"Reporter-DOC-talibans&#8211;1440&#215;720\"         width=\"1440\"         height=\"720\"         srcset=\"https:\/\/www.francemediasmonde.com\/en\/wp-content\/uploads\/sites\/2\/2024\/07\/Reporter-DOC-talibans-1440x720-1-500x250.jpg 500w, https:\/\/www.francemediasmonde.com\/en\/wp-content\/uploads\/sites\/2\/2024\/07\/Reporter-DOC-talibans-1440x720-1-1024x512.jpg 1024w, https:\/\/www.francemediasmonde.com\/en\/wp-content\/uploads\/sites\/2\/2024\/07\/Reporter-DOC-talibans-1440x720-1-576x288.jpg 576w, https:\/\/www.francemediasmonde.com\/en\/wp-content\/uploads\/sites\/2\/2024\/07\/Reporter-DOC-talibans-1440x720-1-202x101.jpg 202w, https:\/\/www.francemediasmonde.com\/en\/wp-content\/uploads\/sites\/2\/2024\/07\/Reporter-DOC-talibans-1440x720-1.jpg 1440w\"         sizes=\"auto, (max-width: 1440px) 100vw, 1440px\"      \/>\n        <\/figure>\n  <\/div>\n\t\t\t\t\t\t\t\t\t\t\n\t\t\t\t\t\t\t\t\t\t\n\n\t\t\t\t\t\t\t\t\t\t  <div class=\"text m-0 P-normal\"><p><strong>\u00c9toile de la SCAM (Soci\u00e9t\u00e9 civile des auteurs multim\u00e9dias [a copyright management company])<\/strong><br \/>\n<em>Reporters le doc: voyage en pays taliban<\/em> (Reporters le Doc: Life in Taliban Country)<br \/>\nSol\u00e8ne Chalvon, Margaux Benn \u2022 France 24<br \/>\nAlso shortlisted for the Albert Londres Prize and the Bayeux-Calvados War Correspondents\u2019 Prize<\/p>\n<\/div>\n\n\t\t\t\t\t\t\t\t\t\t\t<a class=\"link-text-icon text-third d-block mt-3\"\n\t\thref=\"https:\/\/www.france24.com\/fr\/%C3%A9missions\/reporters\/20210611-afghanistan-voyage-en-pays-taliban\"\n\t\ttarget=\"\"\t\t\ttitle=\"Find out more\"\n\t>\n\n          <span>\n    \n\t\t\t\t\tFind out more\n\t\t\n          <\/span>\n    \n\n\n\t\t\t\t\t\t\t<svg class=\"icon icon--xsmall\" role=\"img\" focusable=\"false\" aria-labelledby=\"arrow-title--264678498\">\n\t\t\t\t<title id=\"arrow-title--264678498\">Arrow of link<\/title>\n\t\t\t\t<use class=\"use-icon\" xlink:href=\"https:\/\/www.francemediasmonde.com\/en\/wp-content\/themes\/fmm\/images\/pictos\/pictos_symbols.svg#arrowRight\"><\/use>\n\t\t\t<\/svg>\n\t\t\t<\/a>\n\n\t\t\t\t\t\t\t\t\t<\/div>\n\n\t\t\t\t\t\t\t\t\t\t\t\t\t\t\t<\/div>\n\t\t\t\t\t\t<\/li>\n\t\t\t\t\t\t\t\t\t\t\t<li class=\"col-md-4 pb-3  mb-3 pb-md-0 mb-md-4\">\n\t\t\t\t\t\t\t<div class=\"card-wrapper gray-spacer-horizontal\">\n\t\t\t\t\t\t\t\t\n\t\t\t\t\t\t\t\t\t<div class=\"card-content text-primary\">\n\t\t\t\t\t\t\t\t\t\t\t\t\t\t\t\t\t\t\t\t\t\t\t\t\t\t\t\t\t\t\t\t\t\t\t\t\t\t\t\t\t\t\t\t\t\n        \n  <div class=\"field-image\">\n    <figure class=\"field-image--figure h-100 m-0 \">\n      <img loading=\"lazy\" decoding=\"async\" loading=\"\" src=\"https:\/\/www.francemediasmonde.com\/en\/wp-content\/uploads\/sites\/2\/2024\/07\/caroline-pare-vignette-1440x720-1.jpg\"\n        class=\"img-fluid field-image--img\"\n         alt=\"\"         title=\"caroline-pare-vignette-1440&#215;720\"         width=\"1440\"         height=\"720\"         srcset=\"https:\/\/www.francemediasmonde.com\/en\/wp-content\/uploads\/sites\/2\/2024\/07\/caroline-pare-vignette-1440x720-1-500x250.jpg 500w, https:\/\/www.francemediasmonde.com\/en\/wp-content\/uploads\/sites\/2\/2024\/07\/caroline-pare-vignette-1440x720-1-1024x512.jpg 1024w, https:\/\/www.francemediasmonde.com\/en\/wp-content\/uploads\/sites\/2\/2024\/07\/caroline-pare-vignette-1440x720-1-576x288.jpg 576w, https:\/\/www.francemediasmonde.com\/en\/wp-content\/uploads\/sites\/2\/2024\/07\/caroline-pare-vignette-1440x720-1-202x101.jpg 202w, https:\/\/www.francemediasmonde.com\/en\/wp-content\/uploads\/sites\/2\/2024\/07\/caroline-pare-vignette-1440x720-1.jpg 1440w\"         sizes=\"auto, (max-width: 1440px) 100vw, 1440px\"      \/>\n        <\/figure>\n  <\/div>\n\t\t\t\t\t\t\t\t\t\t\n\t\t\t\t\t\t\t\t\t\t\n\n\t\t\t\t\t\t\t\t\t\t  <div class=\"text m-0 P-normal\"><p><strong>Claudine Escoffier-Lambiotte Prize from the <em>Fondation pour la Recherche<\/em> <em>M\u00e9dicale<\/em> (Medical Research Foundation)<\/strong><br \/>\nCaroline Par\u00e9 for the magazine programme <em>Priorit\u00e9 sant\u00e9 \u2022 <\/em>RFI<\/p>\n<\/div>\n\n\t\t\t\t\t\t\t\t\t\t\t<a class=\"link-text-icon text-third d-block mt-3\"\n\t\thref=\"https:\/\/www.rfi.fr\/fr\/podcasts\/priorit%C3%A9-sant%C3%A9\/\"\n\t\ttarget=\"\"\t\t\ttitle=\"Find out more\"\n\t>\n\n          <span>\n    \n\t\t\t\t\tFind out more\n\t\t\n          <\/span>\n    \n\n\n\t\t\t\t\t\t\t<svg class=\"icon icon--xsmall\" role=\"img\" focusable=\"false\" aria-labelledby=\"arrow-title--629172807\">\n\t\t\t\t<title id=\"arrow-title--629172807\">Arrow of link<\/title>\n\t\t\t\t<use class=\"use-icon\" xlink:href=\"https:\/\/www.francemediasmonde.com\/en\/wp-content\/themes\/fmm\/images\/pictos\/pictos_symbols.svg#arrowRight\"><\/use>\n\t\t\t<\/svg>\n\t\t\t<\/a>\n\n\t\t\t\t\t\t\t\t\t<\/div>\n\n\t\t\t\t\t\t\t\t\t\t\t\t\t\t\t<\/div>\n\t\t\t\t\t\t<\/li>\n\t\t\t\t\t\t\t\t\t\t\t\t<\/ul>\n\t\t<\/div>\n\t<\/section>\n\n\n<section class=\"block-title-video\">\n  <div class=\"container\">\n    <div class=\"row\">\n      <div class=\"col-md-10 mx-auto\">\n\n                  <hr class=\"bg-blue\">\n                \n\n          <div class=\"text text-center suptitle text-primary\">during the year<\/div>\n\n          <div class=\"text text-center Titre-Sans-XXL text-primary\">2021<\/div>\n\n        \n              \n      <\/div>\n    <\/div>\n  <\/div>\n<\/section>\n\n\n\n\n\t<section class=\"block-cards\">\n\t\t<div class=\"container\">\n\t\t\t<ul class=\"row justify-content-center list-unstyled\">\n\t\t\t\t\t\t\t\t\t\t\t\t\t\t\t<li class=\"col-md-4 pb-3  mb-3 pb-md-0 mb-md-4\">\n\t\t\t\t\t\t\t<div class=\"card-wrapper gray-spacer-horizontal\">\n\t\t\t\t\t\t\t\t\n\t\t\t\t\t\t\t\t\t<div class=\"card-content text-primary\">\n\t\t\t\t\t\t\t\t\t\t\t\t\t\t\t\t\t\t\t\t\t\t\t\t\t\t\t\t\t\t\t\t\t\t\t\t\t\t\t\t\t\t\t\t\t\n        \n  <div class=\"field-image\">\n    <figure class=\"field-image--figure h-100 m-0 \">\n      <img loading=\"lazy\" decoding=\"async\" loading=\"\" src=\"https:\/\/www.francemediasmonde.com\/en\/wp-content\/uploads\/sites\/2\/2024\/07\/Washington-1440x720-1.jpg\"\n        class=\"img-fluid field-image--img\"\n         alt=\"\"         title=\"Washington-1440&#215;720\"         width=\"1440\"         height=\"720\"         srcset=\"https:\/\/www.francemediasmonde.com\/en\/wp-content\/uploads\/sites\/2\/2024\/07\/Washington-1440x720-1-500x250.jpg 500w, https:\/\/www.francemediasmonde.com\/en\/wp-content\/uploads\/sites\/2\/2024\/07\/Washington-1440x720-1-1024x512.jpg 1024w, https:\/\/www.francemediasmonde.com\/en\/wp-content\/uploads\/sites\/2\/2024\/07\/Washington-1440x720-1-576x288.jpg 576w, https:\/\/www.francemediasmonde.com\/en\/wp-content\/uploads\/sites\/2\/2024\/07\/Washington-1440x720-1-202x101.jpg 202w, https:\/\/www.francemediasmonde.com\/en\/wp-content\/uploads\/sites\/2\/2024\/07\/Washington-1440x720-1.jpg 1440w\"         sizes=\"auto, (max-width: 1440px) 100vw, 1440px\"      \/>\n        <\/figure>\n  <\/div>\n\t\t\t\t\t\t\t\t\t\t\n\t\t\t\t\t\t\t\t\t\t\n\n\t\t\t\t\t\t\t\t\t\t  <div class=\"text m-0 P-normal\"><p><strong>Grand Prix Strat\u00e9gies de l\u2019Innovation dans les M\u00e9dias (Media Innovation Strategies Grand Prize)<\/strong><br \/>\n<strong>\u2018Best native podcast\u2019 category<\/strong><br \/>\n<em>Washington d\u2019ici<\/em> (Washington From Here)<br \/>\nAnne Corpet \u2022 for RFI<br \/>\nand other partners of M\u00e9dias Francophones Publics \u2022 MFP (a French-speaking media association)<\/p>\n<\/div>\n\n\t\t\t\t\t\t\t\t\t\t\t<a class=\"link-text-icon text-third d-block mt-3\"\n\t\thref=\"https:\/\/www.rfi.fr\/fr\/podcasts\/d%C3%A9bat-du-jour\/20210122-washington-d-ici-%C3%A0-rfi\"\n\t\ttarget=\"\"\t\t\ttitle=\"Find out more\"\n\t>\n\n          <span>\n    \n\t\t\t\t\tFind out more\n\t\t\n          <\/span>\n    \n\n\n\t\t\t\t\t\t\t<svg class=\"icon icon--xsmall\" role=\"img\" focusable=\"false\" aria-labelledby=\"arrow-title--533437073\">\n\t\t\t\t<title id=\"arrow-title--533437073\">Arrow of link<\/title>\n\t\t\t\t<use class=\"use-icon\" xlink:href=\"https:\/\/www.francemediasmonde.com\/en\/wp-content\/themes\/fmm\/images\/pictos\/pictos_symbols.svg#arrowRight\"><\/use>\n\t\t\t<\/svg>\n\t\t\t<\/a>\n\n\t\t\t\t\t\t\t\t\t<\/div>\n\n\t\t\t\t\t\t\t\t\t\t\t\t\t\t\t<\/div>\n\t\t\t\t\t\t<\/li>\n\t\t\t\t\t\t\t\t\t\t\t<li class=\"col-md-4 pb-3  mb-3 pb-md-0 mb-md-4\">\n\t\t\t\t\t\t\t<div class=\"card-wrapper gray-spacer-horizontal\">\n\t\t\t\t\t\t\t\t\n\t\t\t\t\t\t\t\t\t<div class=\"card-content text-primary\">\n\t\t\t\t\t\t\t\t\t\t\t\t\t\t\t\t\t\t\t\t\t\t\t\t\t\t\t\t\t\t\t\t\t\t\t\t\t\t\t\t\t\t\t\t\t\n        \n  <div class=\"field-image\">\n    <figure class=\"field-image--figure h-100 m-0 \">\n      <img loading=\"lazy\" decoding=\"async\" loading=\"\" src=\"https:\/\/www.francemediasmonde.com\/en\/wp-content\/uploads\/sites\/2\/2024\/07\/Coronaverif-1440x720-1.jpg\"\n        class=\"img-fluid field-image--img\"\n         alt=\"\"         title=\"Coronaverif-1440&#215;720\"         width=\"1440\"         height=\"720\"         srcset=\"https:\/\/www.francemediasmonde.com\/en\/wp-content\/uploads\/sites\/2\/2024\/07\/Coronaverif-1440x720-1-500x250.jpg 500w, https:\/\/www.francemediasmonde.com\/en\/wp-content\/uploads\/sites\/2\/2024\/07\/Coronaverif-1440x720-1-1024x512.jpg 1024w, https:\/\/www.francemediasmonde.com\/en\/wp-content\/uploads\/sites\/2\/2024\/07\/Coronaverif-1440x720-1-576x288.jpg 576w, https:\/\/www.francemediasmonde.com\/en\/wp-content\/uploads\/sites\/2\/2024\/07\/Coronaverif-1440x720-1-202x101.jpg 202w, https:\/\/www.francemediasmonde.com\/en\/wp-content\/uploads\/sites\/2\/2024\/07\/Coronaverif-1440x720-1.jpg 1440w\"         sizes=\"auto, (max-width: 1440px) 100vw, 1440px\"      \/>\n        <\/figure>\n  <\/div>\n\t\t\t\t\t\t\t\t\t\t\n\t\t\t\t\t\t\t\t\t\t\n\n\t\t\t\t\t\t\t\t\t\t  <div class=\"text m-0 P-normal\"><p><strong>We love audio awards<\/strong><br \/>\n<strong>\u2018Best anti-covid initiative\u2019 category<\/strong><br \/>\nFor the \u2018<em>Coronaverif<\/em><em>\u2019 <\/em>programme \u2022 RFI<\/p>\n<\/div>\n\n\t\t\t\t\t\t\t\t\t\t\t<a class=\"link-text-icon text-third d-block mt-3\"\n\t\thref=\"https:\/\/www.youtube.com\/playlist?list=PLi_zbgj_QX4px7hOlVzfcReS_DIPIKbEZ\"\n\t\ttarget=\"\"\t\t\ttitle=\"Find out more\"\n\t>\n\n          <span>\n    \n\t\t\t\t\tFind out more\n\t\t\n          <\/span>\n    \n\n\n\t\t\t\t\t\t\t<svg class=\"icon icon--xsmall\" role=\"img\" focusable=\"false\" aria-labelledby=\"arrow-title--1597327085\">\n\t\t\t\t<title id=\"arrow-title--1597327085\">Arrow of link<\/title>\n\t\t\t\t<use class=\"use-icon\" xlink:href=\"https:\/\/www.francemediasmonde.com\/en\/wp-content\/themes\/fmm\/images\/pictos\/pictos_symbols.svg#arrowRight\"><\/use>\n\t\t\t<\/svg>\n\t\t\t<\/a>\n\n\t\t\t\t\t\t\t\t\t<\/div>\n\n\t\t\t\t\t\t\t\t\t\t\t\t\t\t\t<\/div>\n\t\t\t\t\t\t<\/li>\n\t\t\t\t\t\t\t\t\t\t\t<li class=\"col-md-4 pb-3  mb-3 pb-md-0 mb-md-4\">\n\t\t\t\t\t\t\t<div class=\"card-wrapper gray-spacer-horizontal\">\n\t\t\t\t\t\t\t\t\n\t\t\t\t\t\t\t\t\t<div class=\"card-content text-primary\">\n\t\t\t\t\t\t\t\t\t\t\t\t\t\t\t\t\t\t\t\t\t\t\t\t\t\t\t\t\t\t\t\t\t\t\t\t\t\t\t\t\t\t\t\t\t\n        \n  <div class=\"field-image\">\n    <figure class=\"field-image--figure h-100 m-0 \">\n      <img loading=\"lazy\" decoding=\"async\" loading=\"\" src=\"https:\/\/www.francemediasmonde.com\/en\/wp-content\/uploads\/sites\/2\/2024\/07\/Macaibo-1440x720-1.jpg\"\n        class=\"img-fluid field-image--img\"\n         alt=\"\"         title=\"Macaibo-1440&#215;720\"         width=\"1440\"         height=\"720\"         srcset=\"https:\/\/www.francemediasmonde.com\/en\/wp-content\/uploads\/sites\/2\/2024\/07\/Macaibo-1440x720-1-500x250.jpg 500w, https:\/\/www.francemediasmonde.com\/en\/wp-content\/uploads\/sites\/2\/2024\/07\/Macaibo-1440x720-1-1024x512.jpg 1024w, https:\/\/www.francemediasmonde.com\/en\/wp-content\/uploads\/sites\/2\/2024\/07\/Macaibo-1440x720-1-576x288.jpg 576w, https:\/\/www.francemediasmonde.com\/en\/wp-content\/uploads\/sites\/2\/2024\/07\/Macaibo-1440x720-1-202x101.jpg 202w, https:\/\/www.francemediasmonde.com\/en\/wp-content\/uploads\/sites\/2\/2024\/07\/Macaibo-1440x720-1.jpg 1440w\"         sizes=\"auto, (max-width: 1440px) 100vw, 1440px\"      \/>\n        <\/figure>\n  <\/div>\n\t\t\t\t\t\t\t\t\t\t\n\t\t\t\t\t\t\t\t\t\t\n\n\t\t\t\t\t\t\t\t\t\t  <div class=\"text m-0 P-normal\"><p><strong>FIGRA (<em>Festival International du Grand Reportage d\u2019Actualit\u00e9<\/em> \u2014 International Festival of News Documentaries)<\/strong><br \/>\n<strong>Grand Prize<\/strong><br \/>\n<em>Macaibo, g\u00e9n\u00e9ration sacrifi\u00e9e<\/em> (Macaibo, the Sacrificed Generation)<br \/>\nRom\u00e9o Langlois, Jorge Benezra \u2022 France 24<\/p>\n<\/div>\n\n\t\t\t\t\t\t\t\t\t\t\t<a class=\"link-text-icon text-third d-block mt-3\"\n\t\thref=\"https:\/\/www.france24.com\/fr\/am%C3%A9riques\/20200417-on-meurt-de-faim-maracaibo-ville-symbole-de-la-descente-aux-enfers-du-venezuela\"\n\t\ttarget=\"\"\t\t\ttitle=\"Find out more\"\n\t>\n\n          <span>\n    \n\t\t\t\t\tFind out more\n\t\t\n          <\/span>\n    \n\n\n\t\t\t\t\t\t\t<svg class=\"icon icon--xsmall\" role=\"img\" focusable=\"false\" aria-labelledby=\"arrow-title--978487766\">\n\t\t\t\t<title id=\"arrow-title--978487766\">Arrow of link<\/title>\n\t\t\t\t<use class=\"use-icon\" xlink:href=\"https:\/\/www.francemediasmonde.com\/en\/wp-content\/themes\/fmm\/images\/pictos\/pictos_symbols.svg#arrowRight\"><\/use>\n\t\t\t<\/svg>\n\t\t\t<\/a>\n\n\t\t\t\t\t\t\t\t\t<\/div>\n\n\t\t\t\t\t\t\t\t\t\t\t\t\t\t\t<\/div>\n\t\t\t\t\t\t<\/li>\n\t\t\t\t\t\t\t\t\t\t\t\t<\/ul>\n\t\t<\/div>\n\t<\/section>\n\n\n\t<section class=\"block-cards\">\n\t\t<div class=\"container\">\n\t\t\t<ul class=\"row justify-content-center list-unstyled\">\n\t\t\t\t\t\t\t\t\t\t\t\t\t\t\t<li class=\"col-md-4 pb-3  mb-3 pb-md-0 mb-md-4\">\n\t\t\t\t\t\t\t<div class=\"card-wrapper gray-spacer-horizontal\">\n\t\t\t\t\t\t\t\t\n\t\t\t\t\t\t\t\t\t<div class=\"card-content text-primary\">\n\t\t\t\t\t\t\t\t\t\t\t\t\t\t\t\t\t\t\t\t\t\t\t\t\t\t\t\t\t\t\t\t\t\t\t\t\t\t\t\t\t\t\t\t\t\n        \n  <div class=\"field-image\">\n    <figure class=\"field-image--figure h-100 m-0 \">\n      <img loading=\"lazy\" decoding=\"async\" loading=\"\" src=\"https:\/\/www.francemediasmonde.com\/en\/wp-content\/uploads\/sites\/2\/2024\/07\/Clement-1440x720-1.jpg\"\n        class=\"img-fluid field-image--img\"\n         alt=\"\"         title=\"Clement-1440&#215;720\"         width=\"1440\"         height=\"720\"         srcset=\"https:\/\/www.francemediasmonde.com\/en\/wp-content\/uploads\/sites\/2\/2024\/07\/Clement-1440x720-1-500x250.jpg 500w, https:\/\/www.francemediasmonde.com\/en\/wp-content\/uploads\/sites\/2\/2024\/07\/Clement-1440x720-1-1024x512.jpg 1024w, https:\/\/www.francemediasmonde.com\/en\/wp-content\/uploads\/sites\/2\/2024\/07\/Clement-1440x720-1-576x288.jpg 576w, https:\/\/www.francemediasmonde.com\/en\/wp-content\/uploads\/sites\/2\/2024\/07\/Clement-1440x720-1-202x101.jpg 202w, https:\/\/www.francemediasmonde.com\/en\/wp-content\/uploads\/sites\/2\/2024\/07\/Clement-1440x720-1.jpg 1440w\"         sizes=\"auto, (max-width: 1440px) 100vw, 1440px\"      \/>\n        <\/figure>\n  <\/div>\n\t\t\t\t\t\t\t\t\t\t\n\t\t\t\t\t\t\t\t\t\t\n\n\t\t\t\t\t\t\t\t\t\t  <div class=\"text m-0 P-normal\"><p><strong>Fondation Varenne Young Journalist Award<\/strong><br \/>\nGwendoline Debono \u2022 France 24<\/p>\n<\/div>\n\n\t\t\t\t\t\t\t\t\t\t\n\t\t\t\t\t\t\t\t\t<\/div>\n\n\t\t\t\t\t\t\t\t\t\t\t\t\t\t\t<\/div>\n\t\t\t\t\t\t<\/li>\n\t\t\t\t\t\t\t\t\t\t\t\t<\/ul>\n\t\t<\/div>\n\t<\/section>\n\n\n<section class=\"block-title-video\">\n  <div class=\"container\">\n    <div class=\"row\">\n      <div class=\"col-md-10 mx-auto\">\n\n                  <hr class=\"bg-blue\">\n                \n\n          <div class=\"text text-center suptitle text-primary\">during the year<\/div>\n\n          <div class=\"text text-center Titre-Sans-XXL text-primary\">2020<\/div>\n\n        \n              \n      <\/div>\n    <\/div>\n  <\/div>\n<\/section>\n\n\n\n\n\t<section class=\"block-cards\">\n\t\t<div class=\"container\">\n\t\t\t<ul class=\"row justify-content-center list-unstyled\">\n\t\t\t\t\t\t\t\t\t\t\t\t\t\t\t<li class=\"col-md-4 pb-3  mb-3 pb-md-0 mb-md-4\">\n\t\t\t\t\t\t\t<div class=\"card-wrapper gray-spacer-horizontal\">\n\t\t\t\t\t\t\t\t\n\t\t\t\t\t\t\t\t\t<div class=\"card-content text-primary\">\n\t\t\t\t\t\t\t\t\t\t\t\t\t\t\t\t\t\t\t\t\t\t\t\t\t\t\t\t\t\t\t\t\t\t\t\t\t\t\t\t\t\t\t\t\t\n        \n  <div class=\"field-image\">\n    <figure class=\"field-image--figure h-100 m-0 \">\n      <img loading=\"lazy\" decoding=\"async\" loading=\"\" src=\"https:\/\/www.francemediasmonde.com\/en\/wp-content\/uploads\/sites\/2\/2024\/07\/Obs-emission-special-Iran-ok-576x288-1.jpeg\"\n        class=\"img-fluid field-image--img\"\n         alt=\"\"         title=\"Obs-emission-special-Iran-ok-576&#215;288\"         width=\"576\"         height=\"288\"         srcset=\"https:\/\/www.francemediasmonde.com\/en\/wp-content\/uploads\/sites\/2\/2024\/07\/Obs-emission-special-Iran-ok-576x288-1-500x250.jpeg 500w, https:\/\/www.francemediasmonde.com\/en\/wp-content\/uploads\/sites\/2\/2024\/07\/Obs-emission-special-Iran-ok-576x288-1-202x101.jpeg 202w, https:\/\/www.francemediasmonde.com\/en\/wp-content\/uploads\/sites\/2\/2024\/07\/Obs-emission-special-Iran-ok-576x288-1.jpeg 576w\"         sizes=\"auto, (max-width: 576px) 100vw, 576px\"      \/>\n        <\/figure>\n  <\/div>\n\t\t\t\t\t\t\t\t\t\t\n\t\t\t\t\t\t\t\t\t\t\n\n\t\t\t\t\t\t\t\t\t\t  <div class=\"text m-0 P-normal\"><p><strong>Diplomatic Press Prize<\/strong><br \/>\n<em>Iran, massacre \u00e0 huis-clos<\/em> (Iran\u2019s Hidden Slaughter)<br \/>\nErshad Alijani \u2022 France 24<\/p>\n<\/div>\n\n\t\t\t\t\t\t\t\t\t\t\t<a class=\"link-text-icon text-third d-block mt-3\"\n\t\thref=\"https:\/\/observers.france24.com\/fr\/iran-massacre-huis-clos-une-enquete-observateurs-france-24-1\"\n\t\ttarget=\"\"\t\t\ttitle=\"Find out more\"\n\t>\n\n          <span>\n    \n\t\t\t\t\tFind out more\n\t\t\n          <\/span>\n    \n\n\n\t\t\t\t\t\t\t<svg class=\"icon icon--xsmall\" role=\"img\" focusable=\"false\" aria-labelledby=\"arrow-title--1047723443\">\n\t\t\t\t<title id=\"arrow-title--1047723443\">Arrow of link<\/title>\n\t\t\t\t<use class=\"use-icon\" xlink:href=\"https:\/\/www.francemediasmonde.com\/en\/wp-content\/themes\/fmm\/images\/pictos\/pictos_symbols.svg#arrowRight\"><\/use>\n\t\t\t<\/svg>\n\t\t\t<\/a>\n\n\t\t\t\t\t\t\t\t\t<\/div>\n\n\t\t\t\t\t\t\t\t\t\t\t\t\t\t\t<\/div>\n\t\t\t\t\t\t<\/li>\n\t\t\t\t\t\t\t\t\t\t\t<li class=\"col-md-4 pb-3  mb-3 pb-md-0 mb-md-4\">\n\t\t\t\t\t\t\t<div class=\"card-wrapper gray-spacer-horizontal\">\n\t\t\t\t\t\t\t\t\n\t\t\t\t\t\t\t\t\t<div class=\"card-content text-primary\">\n\t\t\t\t\t\t\t\t\t\t\t\t\t\t\t\t\t\t\t\t\t\t\t\t\t\t\t\t\t\t\t\t\t\t\t\t\t\t\t\t\t\t\t\t\t\n        \n  <div class=\"field-image\">\n    <figure class=\"field-image--figure h-100 m-0 \">\n      <img loading=\"lazy\" decoding=\"async\" loading=\"\" src=\"https:\/\/www.francemediasmonde.com\/en\/wp-content\/uploads\/sites\/2\/2024\/07\/Beyrouth-576x288-1.jpg\"\n        class=\"img-fluid field-image--img\"\n         alt=\"\"         title=\"Beyrouth-576&#215;288\"         width=\"576\"         height=\"288\"         srcset=\"https:\/\/www.francemediasmonde.com\/en\/wp-content\/uploads\/sites\/2\/2024\/07\/Beyrouth-576x288-1-500x250.jpg 500w, https:\/\/www.francemediasmonde.com\/en\/wp-content\/uploads\/sites\/2\/2024\/07\/Beyrouth-576x288-1-202x101.jpg 202w, https:\/\/www.francemediasmonde.com\/en\/wp-content\/uploads\/sites\/2\/2024\/07\/Beyrouth-576x288-1.jpg 576w\"         sizes=\"auto, (max-width: 576px) 100vw, 576px\"      \/>\n        <\/figure>\n  <\/div>\n\t\t\t\t\t\t\t\t\t\t\n\t\t\t\t\t\t\t\t\t\t\n\n\t\t\t\t\t\t\t\t\t\t  <div class=\"text m-0 P-normal\"><p><strong>French Public Media (MFP) Prize for radio journalism<\/strong><br \/>\n<em>Grand reportage: Beyrouth, l\u2019espoir en faillite<\/em> (Feature: Beirut, Hope in short supply)<br \/>\nNicolas Falez and Nicolas Benita \u2022 RFI<\/p>\n<\/div>\n\n\t\t\t\t\t\t\t\t\t\t\t<a class=\"link-text-icon text-third d-block mt-3\"\n\t\thref=\"https:\/\/www.rfi.fr\/fr\/podcasts\/grand-reportage\/20201211-beyrouth-l-espoir-en-faillite\"\n\t\ttarget=\"\"\t\t\ttitle=\"Find out more\"\n\t>\n\n          <span>\n    \n\t\t\t\t\tFind out more\n\t\t\n          <\/span>\n    \n\n\n\t\t\t\t\t\t\t<svg class=\"icon icon--xsmall\" role=\"img\" focusable=\"false\" aria-labelledby=\"arrow-title--1326590222\">\n\t\t\t\t<title id=\"arrow-title--1326590222\">Arrow of link<\/title>\n\t\t\t\t<use class=\"use-icon\" xlink:href=\"https:\/\/www.francemediasmonde.com\/en\/wp-content\/themes\/fmm\/images\/pictos\/pictos_symbols.svg#arrowRight\"><\/use>\n\t\t\t<\/svg>\n\t\t\t<\/a>\n\n\t\t\t\t\t\t\t\t\t<\/div>\n\n\t\t\t\t\t\t\t\t\t\t\t\t\t\t\t<\/div>\n\t\t\t\t\t\t<\/li>\n\t\t\t\t\t\t\t\t\t\t\t\t<\/ul>\n\t\t<\/div>\n\t<\/section>\n","protected":false},"excerpt":{"rendered":"","protected":false},"author":4,"featured_media":0,"parent":182,"menu_order":0,"comment_status":"closed","ping_status":"closed","template":"","meta":{"_acf_changed":false,"footnotes":""},"class_list":["post-195","page","type-page","status-publish","hentry"],"acf":[],"yoast_head":"<!-- This site is optimized with the Yoast SEO plugin v26.9 - https:\/\/yoast.com\/product\/yoast-seo-wordpress\/ -->\n<title>Awards and recognition - France M\u00e9dias Monde<\/title>\n<meta name=\"description\" content=\"The professionalism and expertise of France M\u00e9dias Monde\u2019s journalists are rewarded every year with a number of prizes and awards\" \/>\n<meta name=\"robots\" content=\"index, follow, max-snippet:-1, max-image-preview:large, max-video-preview:-1\" \/>\n<link rel=\"canonical\" href=\"https:\/\/www.francemediasmonde.com\/en\/the-group\/awards-and-recognition\/\" \/>\n<meta property=\"og:locale\" content=\"en_US\" \/>\n<meta property=\"og:type\" content=\"article\" \/>\n<meta property=\"og:title\" content=\"Awards and recognition - France M\u00e9dias Monde\" \/>\n<meta property=\"og:description\" content=\"The professionalism and expertise of France M\u00e9dias Monde\u2019s journalists are rewarded every year with a number of prizes and awards\" \/>\n<meta property=\"og:url\" content=\"https:\/\/www.francemediasmonde.com\/en\/the-group\/awards-and-recognition\/\" \/>\n<meta property=\"og:site_name\" content=\"France M\u00e9dias Monde\" \/>\n<meta property=\"article:modified_time\" content=\"2025-10-13T10:26:03+00:00\" \/>\n<meta name=\"twitter:card\" content=\"summary_large_image\" \/>\n<script type=\"application\/ld+json\" class=\"yoast-schema-graph\">{\"@context\":\"https:\/\/schema.org\",\"@graph\":[{\"@type\":\"WebPage\",\"@id\":\"https:\/\/www.francemediasmonde.com\/en\/the-group\/awards-and-recognition\/\",\"url\":\"https:\/\/www.francemediasmonde.com\/en\/the-group\/awards-and-recognition\/\",\"name\":\"Awards and recognition - France M\u00e9dias Monde\",\"isPartOf\":{\"@id\":\"https:\/\/www.francemediasmonde.com\/en\/#website\"},\"datePublished\":\"2025-06-04T08:32:58+00:00\",\"dateModified\":\"2025-10-13T10:26:03+00:00\",\"description\":\"The professionalism and expertise of France M\u00e9dias Monde\u2019s journalists are rewarded every year with a number of prizes and awards\",\"breadcrumb\":{\"@id\":\"https:\/\/www.francemediasmonde.com\/en\/the-group\/awards-and-recognition\/#breadcrumb\"},\"inLanguage\":\"en-EN\",\"potentialAction\":[{\"@type\":\"ReadAction\",\"target\":[\"https:\/\/www.francemediasmonde.com\/en\/the-group\/awards-and-recognition\/\"]}]},{\"@type\":\"BreadcrumbList\",\"@id\":\"https:\/\/www.francemediasmonde.com\/en\/the-group\/awards-and-recognition\/#breadcrumb\",\"itemListElement\":[{\"@type\":\"ListItem\",\"position\":1,\"name\":\"Home\",\"item\":\"https:\/\/www.francemediasmonde.com\/en\/\"},{\"@type\":\"ListItem\",\"position\":2,\"name\":\"The group\",\"item\":\"https:\/\/www.francemediasmonde.com\/en\/the-group\/\"},{\"@type\":\"ListItem\",\"position\":3,\"name\":\"Awards and recognition\"}]},{\"@type\":\"WebSite\",\"@id\":\"https:\/\/www.francemediasmonde.com\/en\/#website\",\"url\":\"https:\/\/www.francemediasmonde.com\/en\/\",\"name\":\"France M\u00e9dias Monde\",\"description\":\"\",\"potentialAction\":[{\"@type\":\"SearchAction\",\"target\":{\"@type\":\"EntryPoint\",\"urlTemplate\":\"https:\/\/www.francemediasmonde.com\/en\/?s={search_term_string}\"},\"query-input\":{\"@type\":\"PropertyValueSpecification\",\"valueRequired\":true,\"valueName\":\"search_term_string\"}}],\"inLanguage\":\"en-EN\"}]}<\/script>\n<!-- \/ Yoast SEO plugin. -->","yoast_head_json":{"title":"Awards and recognition - France M\u00e9dias Monde","description":"The professionalism and expertise of France M\u00e9dias Monde\u2019s journalists are rewarded every year with a number of prizes and awards","robots":{"index":"index","follow":"follow","max-snippet":"max-snippet:-1","max-image-preview":"max-image-preview:large","max-video-preview":"max-video-preview:-1"},"canonical":"https:\/\/www.francemediasmonde.com\/en\/the-group\/awards-and-recognition\/","og_locale":"en_US","og_type":"article","og_title":"Awards and recognition - France M\u00e9dias Monde","og_description":"The professionalism and expertise of France M\u00e9dias Monde\u2019s journalists are rewarded every year with a number of prizes and awards","og_url":"https:\/\/www.francemediasmonde.com\/en\/the-group\/awards-and-recognition\/","og_site_name":"France M\u00e9dias Monde","article_modified_time":"2025-10-13T10:26:03+00:00","twitter_card":"summary_large_image","schema":{"@context":"https:\/\/schema.org","@graph":[{"@type":"WebPage","@id":"https:\/\/www.francemediasmonde.com\/en\/the-group\/awards-and-recognition\/","url":"https:\/\/www.francemediasmonde.com\/en\/the-group\/awards-and-recognition\/","name":"Awards and recognition - France M\u00e9dias Monde","isPartOf":{"@id":"https:\/\/www.francemediasmonde.com\/en\/#website"},"datePublished":"2025-06-04T08:32:58+00:00","dateModified":"2025-10-13T10:26:03+00:00","description":"The professionalism and expertise of France M\u00e9dias Monde\u2019s journalists are rewarded every year with a number of prizes and awards","breadcrumb":{"@id":"https:\/\/www.francemediasmonde.com\/en\/the-group\/awards-and-recognition\/#breadcrumb"},"inLanguage":"en-EN","potentialAction":[{"@type":"ReadAction","target":["https:\/\/www.francemediasmonde.com\/en\/the-group\/awards-and-recognition\/"]}]},{"@type":"BreadcrumbList","@id":"https:\/\/www.francemediasmonde.com\/en\/the-group\/awards-and-recognition\/#breadcrumb","itemListElement":[{"@type":"ListItem","position":1,"name":"Home","item":"https:\/\/www.francemediasmonde.com\/en\/"},{"@type":"ListItem","position":2,"name":"The group","item":"https:\/\/www.francemediasmonde.com\/en\/the-group\/"},{"@type":"ListItem","position":3,"name":"Awards and recognition"}]},{"@type":"WebSite","@id":"https:\/\/www.francemediasmonde.com\/en\/#website","url":"https:\/\/www.francemediasmonde.com\/en\/","name":"France M\u00e9dias Monde","description":"","potentialAction":[{"@type":"SearchAction","target":{"@type":"EntryPoint","urlTemplate":"https:\/\/www.francemediasmonde.com\/en\/?s={search_term_string}"},"query-input":{"@type":"PropertyValueSpecification","valueRequired":true,"valueName":"search_term_string"}}],"inLanguage":"en-EN"}]}},"_links":{"self":[{"href":"https:\/\/www.francemediasmonde.com\/en\/wp-json\/wp\/v2\/pages\/195","targetHints":{"allow":["GET"]}}],"collection":[{"href":"https:\/\/www.francemediasmonde.com\/en\/wp-json\/wp\/v2\/pages"}],"about":[{"href":"https:\/\/www.francemediasmonde.com\/en\/wp-json\/wp\/v2\/types\/page"}],"author":[{"embeddable":true,"href":"https:\/\/www.francemediasmonde.com\/en\/wp-json\/wp\/v2\/users\/4"}],"replies":[{"embeddable":true,"href":"https:\/\/www.francemediasmonde.com\/en\/wp-json\/wp\/v2\/comments?post=195"}],"version-history":[{"count":48,"href":"https:\/\/www.francemediasmonde.com\/en\/wp-json\/wp\/v2\/pages\/195\/revisions"}],"predecessor-version":[{"id":1575,"href":"https:\/\/www.francemediasmonde.com\/en\/wp-json\/wp\/v2\/pages\/195\/revisions\/1575"}],"up":[{"embeddable":true,"href":"https:\/\/www.francemediasmonde.com\/en\/wp-json\/wp\/v2\/pages\/182"}],"wp:attachment":[{"href":"https:\/\/www.francemediasmonde.com\/en\/wp-json\/wp\/v2\/media?parent=195"}],"curies":[{"name":"wp","href":"https:\/\/api.w.org\/{rel}","templated":true}]}}