{"version":"1.0","provider_name":"France M\u00e9dias Monde","provider_url":"https:\/\/www.francemediasmonde.com\/fr","author_name":"cmasclet","author_url":"https:\/\/www.francemediasmonde.com\/fr\/author\/cmasclet\/","title":"France 24 doublement r\u00e9compens\u00e9e au FIGRA 2024 - France M\u00e9dias Monde","type":"rich","width":600,"height":338,"html":"<blockquote class=\"wp-embedded-content\" data-secret=\"7O64OrBLRY\"><a href=\"https:\/\/www.francemediasmonde.com\/fr\/actualites\/france-24-doublement-recompensee-au-figra-2024\/\">France 24 doublement r\u00e9compens\u00e9e au FIGRA 2024<\/a><\/blockquote><iframe sandbox=\"allow-scripts\" security=\"restricted\" src=\"https:\/\/www.francemediasmonde.com\/fr\/actualites\/france-24-doublement-recompensee-au-figra-2024\/embed\/#?secret=7O64OrBLRY\" width=\"600\" height=\"338\" title=\"\u00ab\u00a0France 24 doublement r\u00e9compens\u00e9e au FIGRA 2024\u00a0\u00bb &#8212; France M\u00e9dias Monde\" data-secret=\"7O64OrBLRY\" frameborder=\"0\" marginwidth=\"0\" marginheight=\"0\" scrolling=\"no\" class=\"wp-embedded-content\"><\/iframe><script type=\"text\/javascript\">\n\/* <![CDATA[ *\/\n\/*! This file is auto-generated *\/\n!function(d,l){\"use strict\";l.querySelector&&d.addEventListener&&\"undefined\"!=typeof URL&&(d.wp=d.wp||{},d.wp.receiveEmbedMessage||(d.wp.receiveEmbedMessage=function(e){var t=e.data;if((t||t.secret||t.message||t.value)&&!\/[^a-zA-Z0-9]\/.test(t.secret)){for(var s,r,n,a=l.querySelectorAll('iframe[data-secret=\"'+t.secret+'\"]'),o=l.querySelectorAll('blockquote[data-secret=\"'+t.secret+'\"]'),c=new RegExp(\"^https?:$\",\"i\"),i=0;i<o.length;i++)o[i].style.display=\"none\";for(i=0;i<a.length;i++)s=a[i],e.source===s.contentWindow&&(s.removeAttribute(\"style\"),\"height\"===t.message?(1e3<(r=parseInt(t.value,10))?r=1e3:~~r<200&&(r=200),s.height=r):\"link\"===t.message&&(r=new URL(s.getAttribute(\"src\")),n=new URL(t.value),c.test(n.protocol))&&n.host===r.host&&l.activeElement===s&&(d.top.location.href=t.value))}},d.addEventListener(\"message\",d.wp.receiveEmbedMessage,!1),l.addEventListener(\"DOMContentLoaded\",function(){for(var e,t,s=l.querySelectorAll(\"iframe.wp-embedded-content\"),r=0;r<s.length;r++)(t=(e=s[r]).getAttribute(\"data-secret\"))||(t=Math.random().toString(36).substring(2,12),e.src+=\"#?secret=\"+t,e.setAttribute(\"data-secret\",t)),e.contentWindow.postMessage({message:\"ready\",secret:t},\"*\")},!1)))}(window,document);\n\/\/# sourceURL=https:\/\/www.francemediasmonde.com\/fr\/wp-includes\/js\/wp-embed.min.js\n\/* ]]> *\/\n<\/script>\n","thumbnail_url":"https:\/\/www.francemediasmonde.com\/fr\/wp-content\/uploads\/2024\/06\/figra-2024-e1717403158783.jpg","thumbnail_width":742,"thumbnail_height":676,"description":"Les journalistes de France 24 Rom\u00e9o Langlois et Jessica Le Masurier ont re\u00e7u, le samedi 1er juin \u00e0 Douai, le Prix pour les Droits Humains du FIGRA (Festival International du Grand Reportage d\u2019Actualit\u00e9 et du documentaire de soci\u00e9t\u00e9) pour leur film \u00ab\u00a0Vos visages sont \u00e0 nous\u00a0\u00bb. Gwendoline Debono a, quant \u00e0 elle, re\u00e7u la Mention sp\u00e9ciale de la comp\u00e9tition internationale de moins de 40 minutes pour son film \u00ab\u00a0Ukraine, les soldats de l\u2019ombre\u00a0\u00bb."}